{"id":293,"date":"2019-10-01T17:57:23","date_gmt":"2019-10-01T15:57:23","guid":{"rendered":"http:\/\/projectes.biz\/gremifloristes\/?page_id=293"},"modified":"2026-02-19T09:47:44","modified_gmt":"2026-02-19T08:47:44","slug":"inicio","status":"publish","type":"page","link":"https:\/\/floristes.cat\/es\/","title":{"rendered":"Gremi de Floristes de Catalunya"},"content":{"rendered":"<div><ss3-force-full-width data-overflow-x=\"body\" data-horizontal-selector=\"body\"><div class=\"n2-section-smartslider fitvidsignore \" data-ssid=\"3\" tabindex=\"0\" role=\"region\" aria-label=\"Slider\"><div id=\"n2-ss-3-align\" class=\"n2-ss-align\"><div class=\"n2-padding\"><div id=\"n2-ss-3\" data-creator=\"Smart Slider 3\" data-responsive=\"fullwidth\" class=\"n2-ss-slider n2-ow n2-has-hover n2notransition  \"><div class=\"n2-ss-slider-wrapper-inside\">\n        <div class=\"n2-ss-slider-1 n2_ss__touch_element n2-ow\">\n            <div class=\"n2-ss-slider-2 n2-ow\">\n                                                    <div class=\"n2-ss-background-animation n2-ow\"><\/div>\n                                <div class=\"n2-ss-slider-3 n2-ow\">\n\n                    <div class=\"n2-ss-slide-backgrounds n2-ow-all\"><div class=\"n2-ss-slide-background\" data-public-id=\"1\" data-mode=\"fill\"><div class=\"n2-ss-slide-background-image\" data-blur=\"0\" data-opacity=\"100\" data-x=\"50\" data-y=\"50\" data-alt=\"gremi floristes catalunya 01\" data-title=\"\"><picture class=\"skip-lazy\" data-skip-lazy=\"1\"><img decoding=\"async\" src=\"\/\/floristes.cat\/wp-content\/uploads\/2019\/09\/floristeria_exterior.png\" alt=\"gremi floristes catalunya 01\" title=\"\" loading=\"lazy\" class=\"skip-lazy\" data-skip-lazy=\"1\"><\/picture><\/div><div data-color=\"RGBA(157,178,147,1)\" style=\"background-color: RGBA(157,178,147,1);\" class=\"n2-ss-slide-background-color\"><\/div><\/div><div class=\"n2-ss-slide-background\" data-public-id=\"2\" data-mode=\"fill\" aria-hidden=\"true\"><div class=\"n2-ss-slide-background-image\" data-blur=\"0\" data-opacity=\"100\" data-x=\"50\" data-y=\"50\" data-alt=\"gremi floristes catalunya 01\" data-title=\"\"><picture class=\"skip-lazy\" data-skip-lazy=\"1\"><img decoding=\"async\" src=\"\/\/floristes.cat\/wp-content\/uploads\/2019\/09\/floristeria_interior.png\" alt=\"gremi floristes catalunya 01\" title=\"\" loading=\"lazy\" class=\"skip-lazy\" data-skip-lazy=\"1\"><\/picture><\/div><div data-color=\"RGBA(157,178,147,1)\" style=\"background-color: RGBA(157,178,147,1);\" class=\"n2-ss-slide-background-color\"><\/div><\/div><div class=\"n2-ss-slide-background\" data-public-id=\"3\" data-mode=\"fill\" aria-hidden=\"true\"><div class=\"n2-ss-slide-background-image\" data-blur=\"0\" data-opacity=\"100\" data-x=\"50\" data-y=\"50\" data-alt=\"gremi floristes catalunya 01\" data-title=\"\"><picture class=\"skip-lazy\" data-skip-lazy=\"1\"><img decoding=\"async\" src=\"\/\/floristes.cat\/wp-content\/uploads\/2019\/09\/floristeria_artesanos.png\" alt=\"gremi floristes catalunya 01\" title=\"\" loading=\"lazy\" class=\"skip-lazy\" data-skip-lazy=\"1\"><\/picture><\/div><div data-color=\"RGBA(157,178,147,1)\" style=\"background-color: RGBA(157,178,147,1);\" class=\"n2-ss-slide-background-color\"><\/div><\/div><div class=\"n2-ss-slide-background\" data-public-id=\"4\" data-mode=\"fill\" aria-hidden=\"true\"><div class=\"n2-ss-slide-background-image\" data-blur=\"0\" data-opacity=\"100\" data-x=\"50\" data-y=\"50\" data-alt=\"gremi floristes catalunya 01\" data-title=\"\"><picture class=\"skip-lazy\" data-skip-lazy=\"1\"><img decoding=\"async\" src=\"\/\/floristes.cat\/wp-content\/uploads\/2019\/09\/florista_trabajo.png\" alt=\"gremi floristes catalunya 01\" title=\"\" loading=\"lazy\" class=\"skip-lazy\" data-skip-lazy=\"1\"><\/picture><\/div><div data-color=\"RGBA(157,178,147,1)\" style=\"background-color: RGBA(157,178,147,1);\" class=\"n2-ss-slide-background-color\"><\/div><\/div><\/div>                    <div class=\"n2-ss-slider-4 n2-ow\">\n                        <svg xmlns=\"http:\/\/www.w3.org\/2000\/svg\" viewBox=\"0 0 1400 1100\" data-related-device=\"desktopPortrait\" class=\"n2-ow n2-ss-preserve-size n2-ss-preserve-size--slider n2-ss-slide-limiter\"><\/svg><div data-first=\"1\" data-slide-duration=\"0\" data-id=\"6\" data-slide-public-id=\"1\" data-title=\"gremi floristes catalunya 01\" class=\"n2-ss-slide n2-ow  n2-ss-slide-6\"><div role=\"note\" class=\"n2-ss-slide--focus\" tabindex=\"-1\">gremi floristes catalunya 01<\/div><div class=\"n2-ss-layers-container n2-ss-slide-limiter n2-ow\"><div class=\"n2-ss-layer n2-ow n-uc-iW3DEW3MmBe1\" data-sstype=\"slide\" data-pm=\"default\"><div class=\"n2-ss-layer n2-ow n-uc-Ov5itT55de80\" data-pm=\"default\" data-sstype=\"content\" data-hasbackground=\"0\"><div class=\"n2-ss-section-main-content n2-ss-layer-with-background n2-ss-layer-content n2-ow n-uc-Ov5itT55de80-inner\"><div class=\"n2-ss-layer n2-ow title_slider n-uc-Fkrg7tRQ0yFB n2-ss-layer--auto\" data-pm=\"normal\" data-sstype=\"layer\"><h1 id=\"n2-ss-3item1\" class=\"n2-font-615919d53dd5771c2af4b8ea1b961d25-hover   n2-ss-item-content n2-ss-text n2-ow\" style=\"display:inline-block;\">Gremi de Floristes<br>de Catalunya<\/h1><\/div><div class=\"n2-ss-layer n2-ow slider_content n-uc-LsKvayIFX4o4\" data-pm=\"normal\" data-sstype=\"layer\"><div class=\"n2-ss-item-content n2-ss-text n2-ow-all\"><div class=\"\"><p class=\"n2-font-c7aaa67a7c56b5967e12d4f01beb5385-paragraph  n2-style-e1fbd41f32b868a1b0eac4f4e39a2c36-heading  \">Conoce <a href=\"https:\/\/www.google.com\/maps\/d\/u\/0\/edit?mid=1hcFd7Ef0gS2ARjK0g6pICVrovCY9ODOl&amp;usp=sharing\" target=\"_blank\">aqu\u00ed<\/a> todas las florister\u00edas agremiadas: <br \/>consulta el mapa introduciendo tu  direcci\u00f3n o poblaci\u00f3n.<\/p>\n<\/div><\/div><\/div><\/div><\/div><\/div><\/div><\/div><div data-slide-duration=\"0\" data-id=\"7\" data-slide-public-id=\"2\" aria-hidden=\"true\" data-title=\"gremi floristes catalunya 01 - copiar\" class=\"n2-ss-slide n2-ow  n2-ss-slide-7\"><div role=\"note\" class=\"n2-ss-slide--focus\" tabindex=\"-1\">gremi floristes catalunya 01 &#8211; copiar<\/div><div class=\"n2-ss-layers-container n2-ss-slide-limiter n2-ow\"><div class=\"n2-ss-layer n2-ow n-uc-y81eoKvDRBY5\" data-sstype=\"slide\" data-pm=\"default\"><div class=\"n2-ss-layer n2-ow n-uc-Lq783uQdtTnq\" data-pm=\"default\" data-sstype=\"content\" data-hasbackground=\"0\"><div class=\"n2-ss-section-main-content n2-ss-layer-with-background n2-ss-layer-content n2-ow n-uc-Lq783uQdtTnq-inner\"><div class=\"n2-ss-layer n2-ow title_slider n-uc-YrICe8U41L8b n2-ss-layer--auto\" data-pm=\"normal\" data-sstype=\"layer\"><h1 id=\"n2-ss-3item3\" class=\"n2-font-615919d53dd5771c2af4b8ea1b961d25-hover   n2-ss-item-content n2-ss-text n2-ow\" style=\"display:inline-block;\">Gremi de Floristes<br>de Catalunya<\/h1><\/div><div class=\"n2-ss-layer n2-ow slider_content n-uc-zRS6oMqScpkC\" data-pm=\"normal\" data-sstype=\"layer\"><div class=\"n2-ss-item-content n2-ss-text n2-ow-all\"><div class=\"\"><p class=\"n2-font-46d4478db35fcc8540e198d0f8eaac12-paragraph   \">Agrupa las empresas legalmente establecidas que trabajan con flores, plantas naturales y artificiales, elementos complementarios y afines.<\/p>\n<\/div><\/div><\/div><\/div><\/div><\/div><\/div><\/div><div data-slide-duration=\"0\" data-id=\"8\" data-slide-public-id=\"3\" aria-hidden=\"true\" data-title=\"gremi floristes catalunya 01 - copiar - copiar\" class=\"n2-ss-slide n2-ow  n2-ss-slide-8\"><div role=\"note\" class=\"n2-ss-slide--focus\" tabindex=\"-1\">gremi floristes catalunya 01 &#8211; copiar &#8211; copiar<\/div><div class=\"n2-ss-layers-container n2-ss-slide-limiter n2-ow\"><div class=\"n2-ss-layer n2-ow n-uc-JpgZvcpHQah2\" data-sstype=\"slide\" data-pm=\"default\"><div class=\"n2-ss-layer n2-ow n-uc-4a3JWqZkax1a\" data-pm=\"default\" data-sstype=\"content\" data-hasbackground=\"0\"><div class=\"n2-ss-section-main-content n2-ss-layer-with-background n2-ss-layer-content n2-ow n-uc-4a3JWqZkax1a-inner\"><div class=\"n2-ss-layer n2-ow title_slider n-uc-0iCPxnqSRdzq n2-ss-layer--auto\" data-pm=\"normal\" data-sstype=\"layer\"><h1 id=\"n2-ss-3item5\" class=\"n2-font-615919d53dd5771c2af4b8ea1b961d25-hover   n2-ss-item-content n2-ss-text n2-ow\" style=\"display:inline-block;\">Gremi de Floristes<br>de Catalunya<\/h1><\/div><div class=\"n2-ss-layer n2-ow slider_content n-uc-f5A2VGUwNNOr\" data-pm=\"normal\" data-sstype=\"layer\"><div class=\"n2-ss-item-content n2-ss-text n2-ow-all\"><div class=\"\"><p class=\"n2-font-46d4478db35fcc8540e198d0f8eaac12-paragraph   \">Representa, gestiona, fomenta y defiende los intereses econ\u00f3micos, sociales, profesionales y culturales de todos sus miembros.<\/p>\n<\/div><\/div><\/div><\/div><\/div><\/div><\/div><\/div><div data-slide-duration=\"0\" data-id=\"9\" data-slide-public-id=\"4\" aria-hidden=\"true\" data-title=\"gremi floristes catalunya 01 - copiar - copiar - copiar\" class=\"n2-ss-slide n2-ow  n2-ss-slide-9\"><div role=\"note\" class=\"n2-ss-slide--focus\" tabindex=\"-1\">gremi floristes catalunya 01 &#8211; copiar &#8211; copiar &#8211; copiar<\/div><div class=\"n2-ss-layers-container n2-ss-slide-limiter n2-ow\"><div class=\"n2-ss-layer n2-ow n-uc-FWe4ydShGTGz\" data-sstype=\"slide\" data-pm=\"default\"><div class=\"n2-ss-layer n2-ow n-uc-9wbvfezEokkA\" data-pm=\"default\" data-sstype=\"content\" data-hasbackground=\"0\"><div class=\"n2-ss-section-main-content n2-ss-layer-with-background n2-ss-layer-content n2-ow n-uc-9wbvfezEokkA-inner\"><div class=\"n2-ss-layer n2-ow title_slider n-uc-VRTqu0maaaKk n2-ss-layer--auto\" data-pm=\"normal\" data-sstype=\"layer\"><h1 id=\"n2-ss-3item7\" class=\"n2-font-615919d53dd5771c2af4b8ea1b961d25-hover   n2-ss-item-content n2-ss-text n2-ow\" style=\"display:inline-block;\">Gremi de Floristes<br>de Catalunya<\/h1><\/div><div class=\"n2-ss-layer n2-ow slider_content n-uc-CPrCimu7LGcY\" data-pm=\"normal\" data-sstype=\"layer\"><div class=\"n2-ss-item-content n2-ss-text n2-ow-all\"><div class=\"\"><p class=\"n2-font-46d4478db35fcc8540e198d0f8eaac12-paragraph   \">El Gremio est\u00e1 fuertemente arraigado en el tejido empresarial, comercial y social de Catalu\u00f1a.<\/p>\n<\/div><\/div><\/div><\/div><\/div><\/div><\/div><\/div>                    <\/div>\n\n                                    <\/div>\n            <\/div>\n        <\/div>\n        <div class=\"n2-ss-slider-controls n2-ss-slider-controls-absolute-left-center\"><div style=\"--widget-offset:15px;\" class=\"n2-ss-widget n2-ss-widget-display-hover nextend-arrow n2-ow-all nextend-arrow-previous  nextend-arrow-animated-fade\" data-hide-mobileportrait=\"1\" id=\"n2-ss-3-arrow-previous\" role=\"button\" aria-label=\"previous arrow\" tabindex=\"0\"><img loading=\"lazy\" decoding=\"async\" width=\"32\" height=\"32\" class=\"skip-lazy\" data-skip-lazy=\"1\" src=\"data:image\/svg+xml;base64,PHN2ZyB3aWR0aD0iMzIiIGhlaWdodD0iMzIiIHZpZXdCb3g9IjAgMCAzMiAzMiIgeG1sbnM9Imh0dHA6Ly93d3cudzMub3JnLzIwMDAvc3ZnIj4KICAgIDxwYXRoIGQ9Ik0xMS40MzMgMTUuOTkyTDIyLjY5IDUuNzEyYy4zOTMtLjM5LjM5My0xLjAzIDAtMS40Mi0uMzkzLS4zOS0xLjAzLS4zOS0xLjQyMyAwbC0xMS45OCAxMC45NGMtLjIxLjIxLS4zLjQ5LS4yODUuNzYtLjAxNS4yOC4wNzUuNTYuMjg0Ljc3bDExLjk4IDEwLjk0Yy4zOTMuMzkgMS4wMy4zOSAxLjQyNCAwIC4zOTMtLjQuMzkzLTEuMDMgMC0xLjQybC0xMS4yNTctMTAuMjkiCiAgICAgICAgICBmaWxsPSIjZmZmZmZmIiBvcGFjaXR5PSIwLjgiIGZpbGwtcnVsZT0iZXZlbm9kZCIvPgo8L3N2Zz4=\" alt=\"previous arrow\"><\/div><\/div><div class=\"n2-ss-slider-controls n2-ss-slider-controls-absolute-right-center\"><div style=\"--widget-offset:15px;\" class=\"n2-ss-widget n2-ss-widget-display-hover nextend-arrow n2-ow-all nextend-arrow-next  nextend-arrow-animated-fade\" data-hide-mobileportrait=\"1\" id=\"n2-ss-3-arrow-next\" role=\"button\" aria-label=\"next arrow\" tabindex=\"0\"><img loading=\"lazy\" decoding=\"async\" width=\"32\" height=\"32\" class=\"skip-lazy\" data-skip-lazy=\"1\" src=\"data:image\/svg+xml;base64,PHN2ZyB3aWR0aD0iMzIiIGhlaWdodD0iMzIiIHZpZXdCb3g9IjAgMCAzMiAzMiIgeG1sbnM9Imh0dHA6Ly93d3cudzMub3JnLzIwMDAvc3ZnIj4KICAgIDxwYXRoIGQ9Ik0xMC43MjIgNC4yOTNjLS4zOTQtLjM5LTEuMDMyLS4zOS0xLjQyNyAwLS4zOTMuMzktLjM5MyAxLjAzIDAgMS40MmwxMS4yODMgMTAuMjgtMTEuMjgzIDEwLjI5Yy0uMzkzLjM5LS4zOTMgMS4wMiAwIDEuNDIuMzk1LjM5IDEuMDMzLjM5IDEuNDI3IDBsMTIuMDA3LTEwLjk0Yy4yMS0uMjEuMy0uNDkuMjg0LS43Ny4wMTQtLjI3LS4wNzYtLjU1LS4yODYtLjc2TDEwLjcyIDQuMjkzeiIKICAgICAgICAgIGZpbGw9IiNmZmZmZmYiIG9wYWNpdHk9IjAuOCIgZmlsbC1ydWxlPSJldmVub2RkIi8+Cjwvc3ZnPg==\" alt=\"next arrow\"><\/div><\/div><\/div><\/div><ss3-loader><\/ss3-loader><\/div><\/div><div class=\"n2_clear\"><\/div><\/div><\/ss3-force-full-width><\/div>\n\n<style>.kb-row-layout-wrap.wp-block-kadence-rowlayout.kb-row-layout-id293_bb40af-34{margin-bottom:0px;}.kb-row-layout-id293_bb40af-34 > .kt-row-column-wrap{align-content:start;}:where(.kb-row-layout-id293_bb40af-34 > .kt-row-column-wrap) > .wp-block-kadence-column{justify-content:start;}.kb-row-layout-id293_bb40af-34 > .kt-row-column-wrap{column-gap:var(--global-kb-gap-md, 2rem);row-gap:var(--global-kb-gap-md, 2rem);max-width:1280px;margin-left:auto;margin-right:auto;padding-top:var(--global-kb-spacing-sm, 1.5rem);padding-bottom:var(--global-kb-spacing-sm, 1.5rem);grid-template-columns:minmax(0, 1fr);}.kb-row-layout-id293_bb40af-34{background-color:#9db293;}.kb-row-layout-id293_bb40af-34 > .kt-row-layout-overlay{opacity:0.30;}@media all and (max-width: 1024px){.kb-row-layout-id293_bb40af-34 > .kt-row-column-wrap{grid-template-columns:minmax(0, 1fr);}}@media all and (max-width: 767px){.kb-row-layout-id293_bb40af-34 > .kt-row-column-wrap{grid-template-columns:minmax(0, 1fr);}}<\/style><div class=\"kb-row-layout-wrap kb-row-layout-id293_bb40af-34 alignfull kt-row-has-bg block_objectives wp-block-kadence-rowlayout\"><div class=\"kt-row-column-wrap kt-has-1-columns kt-row-layout-equal kt-tab-layout-inherit kt-mobile-layout-row kt-row-valign-top\">\n<style>.kadence-column293_378202-04 > .kt-inside-inner-col,.kadence-column293_378202-04 > .kt-inside-inner-col:before{border-top-left-radius:0px;border-top-right-radius:0px;border-bottom-right-radius:0px;border-bottom-left-radius:0px;}.kadence-column293_378202-04 > .kt-inside-inner-col{column-gap:var(--global-kb-gap-sm, 1rem);}.kadence-column293_378202-04 > .kt-inside-inner-col{flex-direction:column;}.kadence-column293_378202-04 > .kt-inside-inner-col > .aligncenter{width:100%;}.kadence-column293_378202-04 > .kt-inside-inner-col:before{opacity:0.3;}.kadence-column293_378202-04{position:relative;}@media all and (max-width: 1024px){.kadence-column293_378202-04 > .kt-inside-inner-col{flex-direction:column;justify-content:center;}}@media all and (max-width: 767px){.kadence-column293_378202-04 > .kt-inside-inner-col{flex-direction:column;justify-content:center;}}<\/style>\n<div class=\"wp-block-kadence-column kadence-column293_378202-04\"><div class=\"kt-inside-inner-col\">\n<div class=\"wp-block-buttons is-content-justification-center is-layout-flex wp-container-core-buttons-is-layout-16018d1d wp-block-buttons-is-layout-flex\">\n<div class=\"wp-block-button\"><a class=\"wp-block-button__link has-white-background-color has-text-color has-background wp-element-button\" href=\"https:\/\/www.google.com\/maps\/d\/u\/0\/edit?mid=1hcFd7Ef0gS2ARjK0g6pICVrovCY9ODOl&amp;usp=sharing\" style=\"color:#f45842\" target=\"_blank\" rel=\"noreferrer noopener\">Mapa Florister\u00edas Agremiadas<\/a><\/div>\n<\/div>\n\n\n\n<div id=\"elgremi\"><\/div>\n\n\n\n<div style=\"height:80px\" aria-hidden=\"true\" class=\"wp-block-spacer\"><\/div>\n\n\n\n<h2 class=\"wp-block-heading has-text-align-center\" id=\"elgremi\">Nuestros objetivos<\/h2>\n\n\n<style>.kb-row-layout-id293_f0b7b7-69 > .kt-row-column-wrap{align-content:start;}:where(.kb-row-layout-id293_f0b7b7-69 > .kt-row-column-wrap) > .wp-block-kadence-column{justify-content:start;}.kb-row-layout-id293_f0b7b7-69 > .kt-row-column-wrap{column-gap:var(--global-kb-gap-md, 2rem);row-gap:var(--global-kb-gap-md, 2rem);padding-top:0px;padding-bottom:24px;}.kb-row-layout-id293_f0b7b7-69 > .kt-row-column-wrap > div:not(.added-for-specificity){grid-column:initial;}.kb-row-layout-id293_f0b7b7-69 > .kt-row-column-wrap{grid-template-columns:repeat(3, minmax(0, 1fr));}.kb-row-layout-id293_f0b7b7-69 > .kt-row-layout-overlay{opacity:0.30;}@media all and (max-width: 1024px){.kb-row-layout-id293_f0b7b7-69 > .kt-row-column-wrap > div:not(.added-for-specificity){grid-column:initial;}}@media all and (max-width: 1024px){.kb-row-layout-id293_f0b7b7-69 > .kt-row-column-wrap{grid-template-columns:repeat(3, minmax(0, 1fr));}}@media all and (max-width: 767px){.kb-row-layout-id293_f0b7b7-69 > .kt-row-column-wrap > div:not(.added-for-specificity){grid-column:initial;}.kb-row-layout-id293_f0b7b7-69 > .kt-row-column-wrap{grid-template-columns:minmax(0, 1fr);}}<\/style><div class=\"kb-row-layout-wrap kb-row-layout-id293_f0b7b7-69 alignnone wp-block-kadence-rowlayout\"><div class=\"kt-row-column-wrap kt-has-3-columns kt-row-layout-equal kt-tab-layout-inherit kt-mobile-layout-row kt-row-valign-top\">\n<style>.kadence-column293_3c5e66-78 > .kt-inside-inner-col,.kadence-column293_3c5e66-78 > .kt-inside-inner-col:before{border-top-left-radius:0px;border-top-right-radius:0px;border-bottom-right-radius:0px;border-bottom-left-radius:0px;}.kadence-column293_3c5e66-78 > .kt-inside-inner-col{column-gap:var(--global-kb-gap-sm, 1rem);}.kadence-column293_3c5e66-78 > .kt-inside-inner-col{flex-direction:column;}.kadence-column293_3c5e66-78 > .kt-inside-inner-col > .aligncenter{width:100%;}.kadence-column293_3c5e66-78 > .kt-inside-inner-col:before{opacity:0.3;}.kadence-column293_3c5e66-78{position:relative;}@media all and (max-width: 1024px){.kadence-column293_3c5e66-78 > .kt-inside-inner-col{flex-direction:column;justify-content:center;}}@media all and (max-width: 767px){.kadence-column293_3c5e66-78 > .kt-inside-inner-col{flex-direction:column;justify-content:center;}}<\/style>\n<div class=\"wp-block-kadence-column kadence-column293_3c5e66-78\"><div class=\"kt-inside-inner-col\">\n<figure class=\"wp-block-image animated fadeIn slower\"><img loading=\"lazy\" decoding=\"async\" width=\"363\" height=\"363\" src=\"https:\/\/floristes.cat\/wp-content\/uploads\/2019\/09\/gremi_floristes_posicionar-1.png\" alt=\"Gremi Floristes - Posicionar\" class=\"wp-image-158\" srcset=\"https:\/\/floristes.cat\/wp-content\/uploads\/2019\/09\/gremi_floristes_posicionar-1.png 363w, https:\/\/floristes.cat\/wp-content\/uploads\/2019\/09\/gremi_floristes_posicionar-1-150x150.png 150w, https:\/\/floristes.cat\/wp-content\/uploads\/2019\/09\/gremi_floristes_posicionar-1-300x300.png 300w\" sizes=\"auto, (max-width: 363px) 100vw, 363px\" \/><\/figure>\n\n\n\n<h3 class=\"wp-block-heading has-text-align-center\">Posicionar<\/h3>\n\n\n\n<p class=\"has-text-align-center\">La figura del florista como profesional experto del arte floral<\/p>\n<\/div><\/div>\n\n\n<style>.kadence-column293_23f8c1-fa > .kt-inside-inner-col,.kadence-column293_23f8c1-fa > .kt-inside-inner-col:before{border-top-left-radius:0px;border-top-right-radius:0px;border-bottom-right-radius:0px;border-bottom-left-radius:0px;}.kadence-column293_23f8c1-fa > .kt-inside-inner-col{column-gap:var(--global-kb-gap-sm, 1rem);}.kadence-column293_23f8c1-fa > .kt-inside-inner-col{flex-direction:column;}.kadence-column293_23f8c1-fa > .kt-inside-inner-col > .aligncenter{width:100%;}.kadence-column293_23f8c1-fa > .kt-inside-inner-col:before{opacity:0.3;}.kadence-column293_23f8c1-fa{position:relative;}@media all and (max-width: 1024px){.kadence-column293_23f8c1-fa > .kt-inside-inner-col{flex-direction:column;justify-content:center;}}@media all and (max-width: 767px){.kadence-column293_23f8c1-fa > .kt-inside-inner-col{flex-direction:column;justify-content:center;}}<\/style>\n<div class=\"wp-block-kadence-column kadence-column293_23f8c1-fa\"><div class=\"kt-inside-inner-col\">\n<figure class=\"wp-block-image animated fadeIn slow\"><img loading=\"lazy\" decoding=\"async\" width=\"363\" height=\"363\" src=\"https:\/\/floristes.cat\/wp-content\/uploads\/2019\/09\/gremi_floristes_promover.png\" alt=\"Gremi Floristes - Promover\" class=\"wp-image-177\" srcset=\"https:\/\/floristes.cat\/wp-content\/uploads\/2019\/09\/gremi_floristes_promover.png 363w, https:\/\/floristes.cat\/wp-content\/uploads\/2019\/09\/gremi_floristes_promover-150x150.png 150w, https:\/\/floristes.cat\/wp-content\/uploads\/2019\/09\/gremi_floristes_promover-300x300.png 300w\" sizes=\"auto, (max-width: 363px) 100vw, 363px\" \/><\/figure>\n\n\n\n<h3 class=\"wp-block-heading has-text-align-center\">Promover<\/h3>\n\n\n\n<p class=\"has-text-align-center\">El consumo de flores y plantas naturales y dinamizar su presencia cotidiana<\/p>\n<\/div><\/div>\n\n\n<style>.kadence-column293_0ec0e5-73 > .kt-inside-inner-col,.kadence-column293_0ec0e5-73 > .kt-inside-inner-col:before{border-top-left-radius:0px;border-top-right-radius:0px;border-bottom-right-radius:0px;border-bottom-left-radius:0px;}.kadence-column293_0ec0e5-73 > .kt-inside-inner-col{column-gap:var(--global-kb-gap-sm, 1rem);}.kadence-column293_0ec0e5-73 > .kt-inside-inner-col{flex-direction:column;}.kadence-column293_0ec0e5-73 > .kt-inside-inner-col > .aligncenter{width:100%;}.kadence-column293_0ec0e5-73 > .kt-inside-inner-col:before{opacity:0.3;}.kadence-column293_0ec0e5-73{position:relative;}@media all and (max-width: 1024px){.kadence-column293_0ec0e5-73 > .kt-inside-inner-col{flex-direction:column;justify-content:center;}}@media all and (max-width: 767px){.kadence-column293_0ec0e5-73 > .kt-inside-inner-col{flex-direction:column;justify-content:center;}}<\/style>\n<div class=\"wp-block-kadence-column kadence-column293_0ec0e5-73\"><div class=\"kt-inside-inner-col\">\n<figure class=\"wp-block-image animated fadeIn slower\"><img loading=\"lazy\" decoding=\"async\" width=\"363\" height=\"363\" src=\"https:\/\/floristes.cat\/wp-content\/uploads\/2019\/10\/gremi_floristes_ser_referent.png\" alt=\"Ser referentes\" class=\"wp-image-429\" srcset=\"https:\/\/floristes.cat\/wp-content\/uploads\/2019\/10\/gremi_floristes_ser_referent.png 363w, https:\/\/floristes.cat\/wp-content\/uploads\/2019\/10\/gremi_floristes_ser_referent-150x150.png 150w, https:\/\/floristes.cat\/wp-content\/uploads\/2019\/10\/gremi_floristes_ser_referent-300x300.png 300w\" sizes=\"auto, (max-width: 363px) 100vw, 363px\" \/><\/figure>\n\n\n\n<h3 class=\"wp-block-heading has-text-align-center\">Ser referentes<\/h3>\n\n\n\n<p class=\"has-text-align-center\">Del sector de flor y planta en Catalu\u00f1a a trav\u00e9s de nuestras actividades<\/p>\n<\/div><\/div>\n\n<\/div><\/div><\/div><\/div>\n\n<\/div><\/div>\n\n<style>.kb-row-layout-wrap.wp-block-kadence-rowlayout.kb-row-layout-id293_22d9cf-bf{margin-bottom:0px;}.kb-row-layout-id293_22d9cf-bf > .kt-row-column-wrap{align-content:start;}:where(.kb-row-layout-id293_22d9cf-bf > .kt-row-column-wrap) > .wp-block-kadence-column{justify-content:start;}.kb-row-layout-id293_22d9cf-bf > .kt-row-column-wrap{column-gap:var(--global-kb-gap-md, 2rem);row-gap:var(--global-kb-gap-md, 2rem);max-width:1280px;margin-left:auto;margin-right:auto;padding-top:24px;padding-bottom:24px;grid-template-columns:minmax(0, 1fr);}.kb-row-layout-id293_22d9cf-bf{background-image:url('https:\/\/floristes.cat\/wp-content\/uploads\/2019\/09\/gremi_ventajas_fondo.jpg');background-size:cover;background-position:center center;background-attachment:scroll;background-repeat:no-repeat;}.kb-row-layout-id293_22d9cf-bf > .kt-row-layout-overlay{opacity:0.30;}@media all and (max-width: 1024px){.kb-row-layout-id293_22d9cf-bf > .kt-row-column-wrap{grid-template-columns:minmax(0, 1fr);}}@media all and (max-width: 767px){.kb-row-layout-id293_22d9cf-bf > .kt-row-column-wrap{grid-template-columns:minmax(0, 1fr);}}<\/style><div class=\"kb-row-layout-wrap kb-row-layout-id293_22d9cf-bf alignfull kt-row-has-bg block_advantage wp-block-kadence-rowlayout\"><div class=\"kt-row-column-wrap kt-has-1-columns kt-row-layout-equal kt-tab-layout-inherit kt-mobile-layout-row kt-row-valign-top\">\n<style>.kadence-column293_1f8dd0-95 > .kt-inside-inner-col,.kadence-column293_1f8dd0-95 > .kt-inside-inner-col:before{border-top-left-radius:0px;border-top-right-radius:0px;border-bottom-right-radius:0px;border-bottom-left-radius:0px;}.kadence-column293_1f8dd0-95 > .kt-inside-inner-col{column-gap:var(--global-kb-gap-sm, 1rem);}.kadence-column293_1f8dd0-95 > .kt-inside-inner-col{flex-direction:column;}.kadence-column293_1f8dd0-95 > .kt-inside-inner-col > .aligncenter{width:100%;}.kadence-column293_1f8dd0-95 > .kt-inside-inner-col:before{opacity:0.3;}.kadence-column293_1f8dd0-95{position:relative;}@media all and (max-width: 1024px){.kadence-column293_1f8dd0-95 > .kt-inside-inner-col{flex-direction:column;justify-content:center;}}@media all and (max-width: 767px){.kadence-column293_1f8dd0-95 > .kt-inside-inner-col{flex-direction:column;justify-content:center;}}<\/style>\n<div class=\"wp-block-kadence-column kadence-column293_1f8dd0-95\"><div class=\"kt-inside-inner-col\">\n<div id=\"ventajas\"><\/div>\n\n\n\n<h2 class=\"wp-block-heading has-text-align-center animated fadeInDown slow\">Ventajas para los socios<\/h2>\n\n\n\n<p class=\"has-text-align-center\">Ser socio del Gremi tiene ventajas directas que podemos resumir en una sola frase: te ayudamos para que solo tengas que ocuparte de hacer crecer tu negocio.<\/p>\n\n\n<style>.kb-row-layout-id293_505124-3c > .kt-row-column-wrap{align-content:start;}:where(.kb-row-layout-id293_505124-3c > .kt-row-column-wrap) > .wp-block-kadence-column{justify-content:start;}.kb-row-layout-id293_505124-3c > .kt-row-column-wrap{column-gap:var(--global-kb-gap-md, 2rem);row-gap:var(--global-kb-gap-md, 2rem);padding-top:var(--global-kb-spacing-sm, 1.5rem);padding-bottom:var(--global-kb-spacing-sm, 1.5rem);grid-template-columns:repeat(2, minmax(0, 1fr));}.kb-row-layout-id293_505124-3c > .kt-row-layout-overlay{opacity:0.30;}@media all and (max-width: 1024px){.kb-row-layout-id293_505124-3c > .kt-row-column-wrap{grid-template-columns:repeat(2, minmax(0, 1fr));}}@media all and (max-width: 767px){.kb-row-layout-id293_505124-3c > .kt-row-column-wrap{grid-template-columns:minmax(0, 1fr);}}<\/style><div class=\"kb-row-layout-wrap kb-row-layout-id293_505124-3c alignnone wp-block-kadence-rowlayout\"><div class=\"kt-row-column-wrap kt-has-2-columns kt-row-layout-equal kt-tab-layout-inherit kt-mobile-layout-row kt-row-valign-top\">\n<style>.kadence-column293_6c7163-fa > .kt-inside-inner-col,.kadence-column293_6c7163-fa > .kt-inside-inner-col:before{border-top-left-radius:0px;border-top-right-radius:0px;border-bottom-right-radius:0px;border-bottom-left-radius:0px;}.kadence-column293_6c7163-fa > .kt-inside-inner-col{column-gap:var(--global-kb-gap-sm, 1rem);}.kadence-column293_6c7163-fa > .kt-inside-inner-col{flex-direction:column;}.kadence-column293_6c7163-fa > .kt-inside-inner-col > .aligncenter{width:100%;}.kadence-column293_6c7163-fa > .kt-inside-inner-col:before{opacity:0.3;}.kadence-column293_6c7163-fa{position:relative;}@media all and (max-width: 1024px){.kadence-column293_6c7163-fa > .kt-inside-inner-col{flex-direction:column;justify-content:center;}}@media all and (max-width: 767px){.kadence-column293_6c7163-fa > .kt-inside-inner-col{flex-direction:column;justify-content:center;}}<\/style>\n<div class=\"wp-block-kadence-column kadence-column293_6c7163-fa\"><div class=\"kt-inside-inner-col\">\n<ul class=\"wp-block-list\">\n<li>Asesoramiento y atenci\u00f3n telef\u00f3nica en cuestiones jur\u00eddicas, fiscales y laborales<\/li>\n\n\n\n<li>Tramitaci\u00f3n permisos de Sant Jordi y de ocupaci\u00f3n de la v\u00eda p\u00fablica<\/li>\n\n\n\n<li>Asesoramiento en la tramitaci\u00f3n de ayudas y subvenciones de las administraciones<\/li>\n\n\n\n<li>Tramitaci\u00f3n denuncias ocupaci\u00f3n v\u00eda p\u00fablica, competencia desleal, etc<\/li>\n<\/ul>\n<\/div><\/div>\n\n\n<style>.kadence-column293_977add-89 > .kt-inside-inner-col,.kadence-column293_977add-89 > .kt-inside-inner-col:before{border-top-left-radius:0px;border-top-right-radius:0px;border-bottom-right-radius:0px;border-bottom-left-radius:0px;}.kadence-column293_977add-89 > .kt-inside-inner-col{column-gap:var(--global-kb-gap-sm, 1rem);}.kadence-column293_977add-89 > .kt-inside-inner-col{flex-direction:column;}.kadence-column293_977add-89 > .kt-inside-inner-col > .aligncenter{width:100%;}.kadence-column293_977add-89 > .kt-inside-inner-col:before{opacity:0.3;}.kadence-column293_977add-89{position:relative;}@media all and (max-width: 1024px){.kadence-column293_977add-89 > .kt-inside-inner-col{flex-direction:column;justify-content:center;}}@media all and (max-width: 767px){.kadence-column293_977add-89 > .kt-inside-inner-col{flex-direction:column;justify-content:center;}}<\/style>\n<div class=\"wp-block-kadence-column kadence-column293_977add-89\"><div class=\"kt-inside-inner-col\">\n<ul class=\"wp-block-list\">\n<li>Bolsa de trabajo con curr\u00edculums y referencias<\/li>\n\n\n\n<li>Formaci\u00f3n pr\u00e1ctica en temas comerciales, marqueting y redes sociales<\/li>\n\n\n\n<li>Asesoramiento legal de la obligatoriedad de la Ley de Protecci\u00f3n de Datos, Ley de Prevenci\u00f3n de Riesgos Laborales y el Plan de Pensiones<\/li>\n\n\n\n<li>Descuentos directos<\/li>\n<\/ul>\n<\/div><\/div>\n\n<\/div><\/div><\/div><\/div>\n\n<\/div><\/div>\n\n<style>.kb-row-layout-wrap.wp-block-kadence-rowlayout.kb-row-layout-id293_ba9bc0-2e{margin-bottom:0px;}.kb-row-layout-id293_ba9bc0-2e > .kt-row-column-wrap{align-content:start;}:where(.kb-row-layout-id293_ba9bc0-2e > .kt-row-column-wrap) > .wp-block-kadence-column{justify-content:start;}.kb-row-layout-id293_ba9bc0-2e > .kt-row-column-wrap{column-gap:var(--global-kb-gap-md, 2rem);row-gap:var(--global-kb-gap-md, 2rem);max-width:1280px;margin-left:auto;margin-right:auto;padding-top:var(--global-kb-spacing-sm, 1.5rem);padding-bottom:var(--global-kb-spacing-sm, 1.5rem);grid-template-columns:minmax(0, 1fr);}.kb-row-layout-id293_ba9bc0-2e{background-color:#9db293;}.kb-row-layout-id293_ba9bc0-2e > .kt-row-layout-overlay{opacity:0.30;}@media all and (max-width: 1024px){.kb-row-layout-id293_ba9bc0-2e > .kt-row-column-wrap{grid-template-columns:minmax(0, 1fr);}}@media all and (max-width: 767px){.kb-row-layout-id293_ba9bc0-2e > .kt-row-column-wrap{grid-template-columns:minmax(0, 1fr);}}<\/style><div class=\"kb-row-layout-wrap kb-row-layout-id293_ba9bc0-2e alignfull kt-row-has-bg block_activitats wp-block-kadence-rowlayout\"><div class=\"kt-row-column-wrap kt-has-1-columns kt-row-layout-equal kt-tab-layout-inherit kt-mobile-layout-row kt-row-valign-top\">\n<style>.kadence-column293_3f115d-9c > .kt-inside-inner-col,.kadence-column293_3f115d-9c > .kt-inside-inner-col:before{border-top-left-radius:0px;border-top-right-radius:0px;border-bottom-right-radius:0px;border-bottom-left-radius:0px;}.kadence-column293_3f115d-9c > .kt-inside-inner-col{column-gap:var(--global-kb-gap-sm, 1rem);}.kadence-column293_3f115d-9c > .kt-inside-inner-col{flex-direction:column;}.kadence-column293_3f115d-9c > .kt-inside-inner-col > .aligncenter{width:100%;}.kadence-column293_3f115d-9c > .kt-inside-inner-col:before{opacity:0.3;}.kadence-column293_3f115d-9c{position:relative;}@media all and (max-width: 1024px){.kadence-column293_3f115d-9c > .kt-inside-inner-col{flex-direction:column;justify-content:center;}}@media all and (max-width: 767px){.kadence-column293_3f115d-9c > .kt-inside-inner-col{flex-direction:column;justify-content:center;}}<\/style>\n<div class=\"wp-block-kadence-column kadence-column293_3f115d-9c\"><div class=\"kt-inside-inner-col\">\n<div id=\"actividades\"><\/div>\n\n\n\n<h2 class=\"wp-block-heading has-text-align-center\" id=\"elgremi\">Actividades del Gremio<\/h2>\n\n\n<style>.kb-posts-id-293_1a4009-54 .entry.loop-entry .entry-header .entry-title{font-size:32px;}.kb-posts-id-293_1a4009-54 .kb-post-list-item{display:grid;}<\/style><ul class=\"wp-block-kadence-posts kb-posts kadence-posts-list kb-posts-id-293_1a4009-54 content-wrap grid-cols kb-posts-style-boxed grid-sm-col-2 grid-lg-col-3 item-image-style-above\"><li class=\"kb-post-list-item\">\n\t<article class=\"entry content-bg loop-entry post-8525 post type-post status-publish format-standard has-post-thumbnail hentry category-actividades category-destacado with-featured-image\">\n\t\t\t\t<a aria-hidden=\"true\" tabindex=\"-1\" role=\"presentation\" class=\"post-thumbnail kadence-thumbnail-ratio-2-3\" href=\"https:\/\/floristes.cat\/es\/hola-primavera\/\" aria-label=\"HOLA PRIMAVERA\">\n\t\t\t<div class=\"post-thumbnail-inner\">\n\t\t\t\t<img loading=\"lazy\" decoding=\"async\" width=\"768\" height=\"960\" src=\"https:\/\/floristes.cat\/wp-content\/uploads\/2026\/03\/Hola-primavera-1-768x960.png\" class=\"attachment-medium_large size-medium_large wp-post-image\" alt=\"HOLA PRIMAVERA\" srcset=\"https:\/\/floristes.cat\/wp-content\/uploads\/2026\/03\/Hola-primavera-1-768x960.png 768w, https:\/\/floristes.cat\/wp-content\/uploads\/2026\/03\/Hola-primavera-1-240x300.png 240w, https:\/\/floristes.cat\/wp-content\/uploads\/2026\/03\/Hola-primavera-1-819x1024.png 819w, https:\/\/floristes.cat\/wp-content\/uploads\/2026\/03\/Hola-primavera-1-300x375.png 300w, https:\/\/floristes.cat\/wp-content\/uploads\/2026\/03\/Hola-primavera-1.png 1080w\" sizes=\"auto, (max-width: 768px) 100vw, 768px\" \/>\t\t\t<\/div>\n\t\t<\/a><!-- .post-thumbnail -->\n\t\t\t\t<div class=\"entry-content-wrap\">\n\t\t\t<header class=\"entry-header\">\n\t<h3 class=\"entry-title\"><a href=\"https:\/\/floristes.cat\/es\/hola-primavera\/\" rel=\"bookmark\">HOLA PRIMAVERA<\/a><\/h3>\t<div class=\"entry-meta entry-meta-divider-dot\">\n\t\t\t\t<span class=\"posted-on\">\n\t\t\t\t<time class=\"entry-date published\" datetime=\"2026-03-20T10:41:52+01:00\">20 marzo, 2026<\/time><time class=\"updated\" datetime=\"2026-03-20T10:59:22+01:00\">20 marzo, 2026<\/time>\t\t\t<\/span>\n\t\t\t\t<\/div><!-- .entry-meta -->\n\t<\/header><!-- .entry-header -->\n\t<div class=\"entry-summary\">\n\t\t<p>Con la llegada de la primavera, la naturaleza se transforma. Los d\u00edas se alargan, la luz se hace m\u00e1s intensa y las flores toman &hellip;<\/p>\n\t<\/div><!-- .entry-summary -->\n\t<footer class=\"entry-footer\">\n\t\t\t<div class=\"entry-actions\">\n\t\t\t<p class=\"more-link-wrap\">\n\t\t\t\t<a href=\"https:\/\/floristes.cat\/es\/hola-primavera\/\" class=\"post-more-link\">\n\t\t\t\t\tLlegir m\u00e9s<span class=\"screen-reader-text\"> HOLA PRIMAVERA<\/span><span class=\"kadence-svg-iconset svg-baseline\"><svg aria-hidden=\"true\" class=\"kadence-svg-icon kadence-arrow-right-alt-svg\" fill=\"currentColor\" version=\"1.1\" xmlns=\"http:\/\/www.w3.org\/2000\/svg\" width=\"27\" height=\"28\" viewBox=\"0 0 27 28\"><title>Continuar<\/title><path d=\"M27 13.953c0 0.141-0.063 0.281-0.156 0.375l-6 5.531c-0.156 0.141-0.359 0.172-0.547 0.094-0.172-0.078-0.297-0.25-0.297-0.453v-3.5h-19.5c-0.281 0-0.5-0.219-0.5-0.5v-3c0-0.281 0.219-0.5 0.5-0.5h19.5v-3.5c0-0.203 0.109-0.375 0.297-0.453s0.391-0.047 0.547 0.078l6 5.469c0.094 0.094 0.156 0.219 0.156 0.359v0z\"><\/path>\n\t\t\t<\/svg><\/span>\t\t\t\t<\/a>\n\t\t\t<\/p>\n\t\t<\/div><!-- .entry-actions -->\n\t\t<\/footer><!-- .entry-footer -->\t\t<\/div>\n\t<\/article>\n<\/li>\n<li class=\"kb-post-list-item\">\n\t<article class=\"entry content-bg loop-entry post-8316 post type-post status-publish format-standard has-post-thumbnail hentry category-actividades category-destacado with-featured-image\">\n\t\t\t\t<a aria-hidden=\"true\" tabindex=\"-1\" role=\"presentation\" class=\"post-thumbnail kadence-thumbnail-ratio-2-3\" href=\"https:\/\/floristes.cat\/es\/sant-jordi-2026-informacio\/\" aria-label=\"SANT JORDI 2026: Informaci\u00f3n\">\n\t\t\t<div class=\"post-thumbnail-inner\">\n\t\t\t\t<img loading=\"lazy\" decoding=\"async\" width=\"768\" height=\"960\" src=\"https:\/\/floristes.cat\/wp-content\/uploads\/2026\/03\/sant-3-768x960.png\" class=\"attachment-medium_large size-medium_large wp-post-image\" alt=\"SANT JORDI 2026: Informaci\u00f3n\" srcset=\"https:\/\/floristes.cat\/wp-content\/uploads\/2026\/03\/sant-3-768x960.png 768w, https:\/\/floristes.cat\/wp-content\/uploads\/2026\/03\/sant-3-240x300.png 240w, https:\/\/floristes.cat\/wp-content\/uploads\/2026\/03\/sant-3-819x1024.png 819w, https:\/\/floristes.cat\/wp-content\/uploads\/2026\/03\/sant-3-300x375.png 300w, https:\/\/floristes.cat\/wp-content\/uploads\/2026\/03\/sant-3.png 1080w\" sizes=\"auto, (max-width: 768px) 100vw, 768px\" \/>\t\t\t<\/div>\n\t\t<\/a><!-- .post-thumbnail -->\n\t\t\t\t<div class=\"entry-content-wrap\">\n\t\t\t<header class=\"entry-header\">\n\t<h3 class=\"entry-title\"><a href=\"https:\/\/floristes.cat\/es\/sant-jordi-2026-informacio\/\" rel=\"bookmark\">SANT JORDI 2026: Informaci\u00f3n<\/a><\/h3>\t<div class=\"entry-meta entry-meta-divider-dot\">\n\t\t\t\t<span class=\"posted-on\">\n\t\t\t\t<time class=\"entry-date published\" datetime=\"2026-03-03T10:10:28+01:00\">3 marzo, 2026<\/time><time class=\"updated\" datetime=\"2026-03-03T10:31:24+01:00\">3 marzo, 2026<\/time>\t\t\t<\/span>\n\t\t\t\t<\/div><!-- .entry-meta -->\n\t<\/header><!-- .entry-header -->\n\t<div class=\"entry-summary\">\n\t\t<p>Tal como os informamos en la reuni\u00f3n que hicimos el pasado 25 de febrero, aqu\u00ed os dejamos un resumen de la parte que afecta &hellip;<\/p>\n\t<\/div><!-- .entry-summary -->\n\t<footer class=\"entry-footer\">\n\t\t\t<div class=\"entry-actions\">\n\t\t\t<p class=\"more-link-wrap\">\n\t\t\t\t<a href=\"https:\/\/floristes.cat\/es\/sant-jordi-2026-informacio\/\" class=\"post-more-link\">\n\t\t\t\t\tLlegir m\u00e9s<span class=\"screen-reader-text\"> SANT JORDI 2026: Informaci\u00f3n<\/span><span class=\"kadence-svg-iconset svg-baseline\"><svg aria-hidden=\"true\" class=\"kadence-svg-icon kadence-arrow-right-alt-svg\" fill=\"currentColor\" version=\"1.1\" xmlns=\"http:\/\/www.w3.org\/2000\/svg\" width=\"27\" height=\"28\" viewBox=\"0 0 27 28\"><title>Continuar<\/title><path d=\"M27 13.953c0 0.141-0.063 0.281-0.156 0.375l-6 5.531c-0.156 0.141-0.359 0.172-0.547 0.094-0.172-0.078-0.297-0.25-0.297-0.453v-3.5h-19.5c-0.281 0-0.5-0.219-0.5-0.5v-3c0-0.281 0.219-0.5 0.5-0.5h19.5v-3.5c0-0.203 0.109-0.375 0.297-0.453s0.391-0.047 0.547 0.078l6 5.469c0.094 0.094 0.156 0.219 0.156 0.359v0z\"><\/path>\n\t\t\t<\/svg><\/span>\t\t\t\t<\/a>\n\t\t\t<\/p>\n\t\t<\/div><!-- .entry-actions -->\n\t\t<\/footer><!-- .entry-footer -->\t\t<\/div>\n\t<\/article>\n<\/li>\n<li class=\"kb-post-list-item\">\n\t<article class=\"entry content-bg loop-entry post-7797 post type-post status-publish format-standard has-post-thumbnail hentry category-actividades with-featured-image\">\n\t\t\t\t<a aria-hidden=\"true\" tabindex=\"-1\" role=\"presentation\" class=\"post-thumbnail kadence-thumbnail-ratio-2-3\" href=\"https:\/\/floristes.cat\/es\/masterclass-sant-jordi-como-planificar-y-sacar-todo-el-potencial-de-la-diada\/\" aria-label=\"MASTERCLASS SANT JORDI: C\u00f3mo planificar y sacar todo el potencial de la Diada\">\n\t\t\t<div class=\"post-thumbnail-inner\">\n\t\t\t\t<img loading=\"lazy\" decoding=\"async\" width=\"768\" height=\"960\" src=\"https:\/\/floristes.cat\/wp-content\/uploads\/2026\/02\/Sessio-Sant-Jordi-768x960.png\" class=\"attachment-medium_large size-medium_large wp-post-image\" alt=\"MASTERCLASS SANT JORDI: C\u00f3mo planificar y sacar todo el potencial de la Diada\" srcset=\"https:\/\/floristes.cat\/wp-content\/uploads\/2026\/02\/Sessio-Sant-Jordi-768x960.png 768w, https:\/\/floristes.cat\/wp-content\/uploads\/2026\/02\/Sessio-Sant-Jordi-240x300.png 240w, https:\/\/floristes.cat\/wp-content\/uploads\/2026\/02\/Sessio-Sant-Jordi-819x1024.png 819w, https:\/\/floristes.cat\/wp-content\/uploads\/2026\/02\/Sessio-Sant-Jordi-300x375.png 300w, https:\/\/floristes.cat\/wp-content\/uploads\/2026\/02\/Sessio-Sant-Jordi.png 1080w\" sizes=\"auto, (max-width: 768px) 100vw, 768px\" \/>\t\t\t<\/div>\n\t\t<\/a><!-- .post-thumbnail -->\n\t\t\t\t<div class=\"entry-content-wrap\">\n\t\t\t<header class=\"entry-header\">\n\t<h3 class=\"entry-title\"><a href=\"https:\/\/floristes.cat\/es\/masterclass-sant-jordi-como-planificar-y-sacar-todo-el-potencial-de-la-diada\/\" rel=\"bookmark\">MASTERCLASS SANT JORDI: C\u00f3mo planificar y sacar todo el potencial de la Diada<\/a><\/h3>\t<div class=\"entry-meta entry-meta-divider-dot\">\n\t\t\t\t<span class=\"posted-on\">\n\t\t\t\t<time class=\"entry-date published\" datetime=\"2026-02-17T12:22:45+01:00\">17 febrero, 2026<\/time><time class=\"updated\" datetime=\"2026-02-17T12:22:51+01:00\">17 febrero, 2026<\/time>\t\t\t<\/span>\n\t\t\t\t<\/div><!-- .entry-meta -->\n\t<\/header><!-- .entry-header -->\n\t<div class=\"entry-summary\">\n\t\t<p>Cada a\u00f1o las florister\u00edas necesitan mayor anticipaci\u00f3n, previsi\u00f3n y planificaci\u00f3n para tener \u00e9xito el d\u00eda m\u00e1s importante del a\u00f1o: SANT JORDI. Con esta actividad &hellip;<\/p>\n\t<\/div><!-- .entry-summary -->\n\t<footer class=\"entry-footer\">\n\t\t\t<div class=\"entry-actions\">\n\t\t\t<p class=\"more-link-wrap\">\n\t\t\t\t<a href=\"https:\/\/floristes.cat\/es\/masterclass-sant-jordi-como-planificar-y-sacar-todo-el-potencial-de-la-diada\/\" class=\"post-more-link\">\n\t\t\t\t\tLlegir m\u00e9s<span class=\"screen-reader-text\"> MASTERCLASS SANT JORDI: C\u00f3mo planificar y sacar todo el potencial de la Diada<\/span><span class=\"kadence-svg-iconset svg-baseline\"><svg aria-hidden=\"true\" class=\"kadence-svg-icon kadence-arrow-right-alt-svg\" fill=\"currentColor\" version=\"1.1\" xmlns=\"http:\/\/www.w3.org\/2000\/svg\" width=\"27\" height=\"28\" viewBox=\"0 0 27 28\"><title>Continuar<\/title><path d=\"M27 13.953c0 0.141-0.063 0.281-0.156 0.375l-6 5.531c-0.156 0.141-0.359 0.172-0.547 0.094-0.172-0.078-0.297-0.25-0.297-0.453v-3.5h-19.5c-0.281 0-0.5-0.219-0.5-0.5v-3c0-0.281 0.219-0.5 0.5-0.5h19.5v-3.5c0-0.203 0.109-0.375 0.297-0.453s0.391-0.047 0.547 0.078l6 5.469c0.094 0.094 0.156 0.219 0.156 0.359v0z\"><\/path>\n\t\t\t<\/svg><\/span>\t\t\t\t<\/a>\n\t\t\t<\/p>\n\t\t<\/div><!-- .entry-actions -->\n\t\t<\/footer><!-- .entry-footer -->\t\t<\/div>\n\t<\/article>\n<\/li>\n<\/ul><\/div><\/div>\n\n<\/div><\/div>\n\n<style>.kb-row-layout-id293_8b47c6-ee > .kt-row-column-wrap{align-content:start;}:where(.kb-row-layout-id293_8b47c6-ee > .kt-row-column-wrap) > .wp-block-kadence-column{justify-content:start;}.kb-row-layout-id293_8b47c6-ee > .kt-row-column-wrap{column-gap:var(--global-kb-gap-md, 2rem);row-gap:var(--global-kb-gap-md, 2rem);max-width:1280px;margin-left:auto;margin-right:auto;padding-top:0px;padding-bottom:0px;grid-template-columns:minmax(0, 1fr);}.kb-row-layout-id293_8b47c6-ee{background-image:url('https:\/\/floristes.cat\/wp-content\/uploads\/2019\/09\/gremi_floristes_qui_som.png');background-size:cover;background-position:center center;background-attachment:scroll;background-repeat:no-repeat;}.kb-row-layout-id293_8b47c6-ee > .kt-row-layout-overlay{opacity:0.30;}@media all and (max-width: 1024px){.kb-row-layout-id293_8b47c6-ee > .kt-row-column-wrap{grid-template-columns:minmax(0, 1fr);}}@media all and (max-width: 767px){.kb-row-layout-id293_8b47c6-ee > .kt-row-column-wrap{grid-template-columns:minmax(0, 1fr);}}<\/style><div class=\"kb-row-layout-wrap kb-row-layout-id293_8b47c6-ee alignfull kt-row-has-bg block_advantage wp-block-kadence-rowlayout\"><div class=\"kt-row-column-wrap kt-has-1-columns kt-row-layout-equal kt-tab-layout-inherit kt-mobile-layout-row kt-row-valign-top\">\n<style>.kadence-column293_e55c2c-9b > .kt-inside-inner-col,.kadence-column293_e55c2c-9b > .kt-inside-inner-col:before{border-top-left-radius:0px;border-top-right-radius:0px;border-bottom-right-radius:0px;border-bottom-left-radius:0px;}.kadence-column293_e55c2c-9b > .kt-inside-inner-col{column-gap:var(--global-kb-gap-sm, 1rem);}.kadence-column293_e55c2c-9b > .kt-inside-inner-col{flex-direction:column;}.kadence-column293_e55c2c-9b > .kt-inside-inner-col > .aligncenter{width:100%;}.kadence-column293_e55c2c-9b > .kt-inside-inner-col:before{opacity:0.3;}.kadence-column293_e55c2c-9b{position:relative;}@media all and (max-width: 1024px){.kadence-column293_e55c2c-9b > .kt-inside-inner-col{flex-direction:column;justify-content:center;}}@media all and (max-width: 767px){.kadence-column293_e55c2c-9b > .kt-inside-inner-col{flex-direction:column;justify-content:center;}}<\/style>\n<div class=\"wp-block-kadence-column kadence-column293_e55c2c-9b\"><div class=\"kt-inside-inner-col\">\n<div id=\"lajunta\"><\/div>\n\n\n\n<h2 class=\"wp-block-heading has-text-align-center animated fadeInDown slow\">Qui\u00e9nes somos<\/h2>\n\n\n\n<p class=\"has-text-align-center\">Cumpliendo con los Estatutos de la entidad, todos los cargos no son retribuidos.<br>Profesionales que dedican su tiempo y experiencia a los asociados, nombrados en Asamblea General el 29 de junio de 2015:<\/p>\n\n\n\n<p class=\"has-text-align-center\"><\/p>\n\n\n<style>.kb-row-layout-id293_4e7532-17 > .kt-row-column-wrap{align-content:start;}:where(.kb-row-layout-id293_4e7532-17 > .kt-row-column-wrap) > .wp-block-kadence-column{justify-content:start;}.kb-row-layout-id293_4e7532-17 > .kt-row-column-wrap{column-gap:var(--global-kb-gap-md, 2rem);row-gap:var(--global-kb-gap-md, 2rem);padding-top:var(--global-kb-spacing-sm, 1.5rem);padding-bottom:var(--global-kb-spacing-sm, 1.5rem);}.kb-row-layout-id293_4e7532-17 > .kt-row-column-wrap > div:not(.added-for-specificity){grid-column:initial;}.kb-row-layout-id293_4e7532-17 > .kt-row-column-wrap{grid-template-columns:repeat(4, minmax(0, 1fr));}.kb-row-layout-id293_4e7532-17 > .kt-row-layout-overlay{opacity:0.30;}@media all and (max-width: 1024px){.kb-row-layout-id293_4e7532-17 > .kt-row-column-wrap > div:not(.added-for-specificity){grid-column:initial;}}@media all and (max-width: 1024px){.kb-row-layout-id293_4e7532-17 > .kt-row-column-wrap{grid-template-columns:repeat(4, minmax(0, 1fr));}}@media all and (max-width: 767px){.kb-row-layout-id293_4e7532-17 > .kt-row-column-wrap > div:not(.added-for-specificity){grid-column:initial;}.kb-row-layout-id293_4e7532-17 > .kt-row-column-wrap{grid-template-columns:minmax(0, 1fr);}}<\/style><div class=\"kb-row-layout-wrap kb-row-layout-id293_4e7532-17 alignnone wp-block-kadence-rowlayout\"><div class=\"kt-row-column-wrap kt-has-4-columns kt-row-layout-equal kt-tab-layout-inherit kt-mobile-layout-row kt-row-valign-top\">\n<style>.kadence-column293_2eface-bf > .kt-inside-inner-col,.kadence-column293_2eface-bf > .kt-inside-inner-col:before{border-top-left-radius:0px;border-top-right-radius:0px;border-bottom-right-radius:0px;border-bottom-left-radius:0px;}.kadence-column293_2eface-bf > .kt-inside-inner-col{column-gap:var(--global-kb-gap-sm, 1rem);}.kadence-column293_2eface-bf > .kt-inside-inner-col{flex-direction:column;}.kadence-column293_2eface-bf > .kt-inside-inner-col > .aligncenter{width:100%;}.kadence-column293_2eface-bf > .kt-inside-inner-col:before{opacity:0.3;}.kadence-column293_2eface-bf{position:relative;}@media all and (max-width: 1024px){.kadence-column293_2eface-bf > .kt-inside-inner-col{flex-direction:column;justify-content:center;}}@media all and (max-width: 767px){.kadence-column293_2eface-bf > .kt-inside-inner-col{flex-direction:column;justify-content:center;}}<\/style>\n<div class=\"wp-block-kadence-column kadence-column293_2eface-bf\"><div class=\"kt-inside-inner-col\"><div class=\"wp-block-image\">\n<figure class=\"aligncenter\"><img loading=\"lazy\" decoding=\"async\" width=\"115\" height=\"115\" src=\"https:\/\/floristes.cat\/wp-content\/uploads\/2019\/09\/gremi_floristes_joan_guillen.png\" alt=\"Joan Guill\u00e9n i Espin\" class=\"wp-image-116\"\/><\/figure>\n<\/div>\n\n\n<p class=\"has-text-align-center name_person\">Joan Guill\u00e9n i Espin<\/p>\n\n\n\n<p class=\"has-text-align-center membre_floristeria\">Floristeria Vellut i L&#8217;Art d&#8217;Horta<\/p>\n\n\n\n<p class=\"has-text-align-center position_person\">Presidente<\/p>\n<\/div><\/div>\n\n\n<style>.kadence-column293_368af1-23 > .kt-inside-inner-col,.kadence-column293_368af1-23 > .kt-inside-inner-col:before{border-top-left-radius:0px;border-top-right-radius:0px;border-bottom-right-radius:0px;border-bottom-left-radius:0px;}.kadence-column293_368af1-23 > .kt-inside-inner-col{column-gap:var(--global-kb-gap-sm, 1rem);}.kadence-column293_368af1-23 > .kt-inside-inner-col{flex-direction:column;}.kadence-column293_368af1-23 > .kt-inside-inner-col > .aligncenter{width:100%;}.kadence-column293_368af1-23 > .kt-inside-inner-col:before{opacity:0.3;}.kadence-column293_368af1-23{position:relative;}@media all and (max-width: 1024px){.kadence-column293_368af1-23 > .kt-inside-inner-col{flex-direction:column;justify-content:center;}}@media all and (max-width: 767px){.kadence-column293_368af1-23 > .kt-inside-inner-col{flex-direction:column;justify-content:center;}}<\/style>\n<div class=\"wp-block-kadence-column kadence-column293_368af1-23\"><div class=\"kt-inside-inner-col\"><div class=\"wp-block-image\">\n<figure class=\"aligncenter\"><img loading=\"lazy\" decoding=\"async\" width=\"115\" height=\"115\" src=\"https:\/\/floristes.cat\/wp-content\/uploads\/2019\/09\/gremi_floristes_merce_pasanau.png\" alt=\"Merc\u00e8 Pasanau\" class=\"wp-image-115\"\/><\/figure>\n<\/div>\n\n\n<p class=\"has-text-align-center name_person\">Merc\u00e8 Pasanau<\/p>\n\n\n\n<p class=\"has-text-align-center membre_floristeria\">Pasanau Flors<\/p>\n\n\n\n<p class=\"has-text-align-center position_person\">Vicepresidenta<\/p>\n<\/div><\/div>\n\n\n<style>.kadence-column293_907de7-d5 > .kt-inside-inner-col,.kadence-column293_907de7-d5 > .kt-inside-inner-col:before{border-top-left-radius:0px;border-top-right-radius:0px;border-bottom-right-radius:0px;border-bottom-left-radius:0px;}.kadence-column293_907de7-d5 > .kt-inside-inner-col{column-gap:var(--global-kb-gap-sm, 1rem);}.kadence-column293_907de7-d5 > .kt-inside-inner-col{flex-direction:column;}.kadence-column293_907de7-d5 > .kt-inside-inner-col > .aligncenter{width:100%;}.kadence-column293_907de7-d5 > .kt-inside-inner-col:before{opacity:0.3;}.kadence-column293_907de7-d5{position:relative;}@media all and (max-width: 1024px){.kadence-column293_907de7-d5 > .kt-inside-inner-col{flex-direction:column;justify-content:center;}}@media all and (max-width: 767px){.kadence-column293_907de7-d5 > .kt-inside-inner-col{flex-direction:column;justify-content:center;}}<\/style>\n<div class=\"wp-block-kadence-column kadence-column293_907de7-d5\"><div class=\"kt-inside-inner-col\"><div class=\"wp-block-image\">\n<figure class=\"aligncenter\"><img loading=\"lazy\" decoding=\"async\" width=\"115\" height=\"115\" src=\"https:\/\/floristes.cat\/wp-content\/uploads\/2019\/09\/gremi_floristes_ferran_sanchez.png\" alt=\"Ferran S\u00e1nchez\" class=\"wp-image-114\"\/><\/figure>\n<\/div>\n\n\n<p class=\"has-text-align-center name_person\">Ferran S\u00e1nchez<\/p>\n\n\n\n<p class=\"has-text-align-center membre_floristeria\">Flors Vilaplana<\/p>\n\n\n\n<p class=\"has-text-align-center position_person\">Secretario<\/p>\n<\/div><\/div>\n\n\n<style>.kadence-column293_51701a-e9 > .kt-inside-inner-col,.kadence-column293_51701a-e9 > .kt-inside-inner-col:before{border-top-left-radius:0px;border-top-right-radius:0px;border-bottom-right-radius:0px;border-bottom-left-radius:0px;}.kadence-column293_51701a-e9 > .kt-inside-inner-col{column-gap:var(--global-kb-gap-sm, 1rem);}.kadence-column293_51701a-e9 > .kt-inside-inner-col{flex-direction:column;}.kadence-column293_51701a-e9 > .kt-inside-inner-col > .aligncenter{width:100%;}.kadence-column293_51701a-e9 > .kt-inside-inner-col:before{opacity:0.3;}.kadence-column293_51701a-e9{position:relative;}@media all and (max-width: 1024px){.kadence-column293_51701a-e9 > .kt-inside-inner-col{flex-direction:column;justify-content:center;}}@media all and (max-width: 767px){.kadence-column293_51701a-e9 > .kt-inside-inner-col{flex-direction:column;justify-content:center;}}<\/style>\n<div class=\"wp-block-kadence-column kadence-column293_51701a-e9\"><div class=\"kt-inside-inner-col\"><div class=\"wp-block-image\">\n<figure class=\"aligncenter\"><img loading=\"lazy\" decoding=\"async\" width=\"115\" height=\"115\" src=\"https:\/\/floristes.cat\/wp-content\/uploads\/2019\/09\/gremi_floristes_xavier_lloveras.png\" alt=\"Xavier Lloveras\" class=\"wp-image-113\"\/><\/figure>\n<\/div>\n\n\n<p class=\"has-text-align-center name_person\"><strong>Xavier Lloveras<\/strong><\/p>\n\n\n\n<p class=\"has-text-align-center membre_floristeria\">Flors Lloveras<\/p>\n\n\n\n<p class=\"has-text-align-center position_person\">Tesorero<\/p>\n<\/div><\/div>\n\n<\/div><\/div>\n\n<style>.kb-row-layout-id293_b0a620-88 > .kt-row-column-wrap{align-content:start;}:where(.kb-row-layout-id293_b0a620-88 > .kt-row-column-wrap) > .wp-block-kadence-column{justify-content:start;}.kb-row-layout-id293_b0a620-88 > .kt-row-column-wrap{column-gap:var(--global-kb-gap-md, 2rem);row-gap:var(--global-kb-gap-md, 2rem);padding-top:var(--global-kb-spacing-sm, 1.5rem);padding-bottom:var(--global-kb-spacing-sm, 1.5rem);}.kb-row-layout-id293_b0a620-88 > .kt-row-column-wrap > div:not(.added-for-specificity){grid-column:initial;}.kb-row-layout-id293_b0a620-88 > .kt-row-column-wrap{grid-template-columns:repeat(4, minmax(0, 1fr));}.kb-row-layout-id293_b0a620-88 > .kt-row-layout-overlay{opacity:0.30;}@media all and (max-width: 1024px){.kb-row-layout-id293_b0a620-88 > .kt-row-column-wrap > div:not(.added-for-specificity){grid-column:initial;}}@media all and (max-width: 1024px){.kb-row-layout-id293_b0a620-88 > .kt-row-column-wrap{grid-template-columns:repeat(4, minmax(0, 1fr));}}@media all and (max-width: 767px){.kb-row-layout-id293_b0a620-88 > .kt-row-column-wrap > div:not(.added-for-specificity){grid-column:initial;}.kb-row-layout-id293_b0a620-88 > .kt-row-column-wrap{grid-template-columns:minmax(0, 1fr);}}<\/style><div class=\"kb-row-layout-wrap kb-row-layout-id293_b0a620-88 alignnone wp-block-kadence-rowlayout\"><div class=\"kt-row-column-wrap kt-has-4-columns kt-row-layout-equal kt-tab-layout-inherit kt-mobile-layout-row kt-row-valign-top\">\n<style>.kadence-column293_a2b91c-99 > .kt-inside-inner-col,.kadence-column293_a2b91c-99 > .kt-inside-inner-col:before{border-top-left-radius:0px;border-top-right-radius:0px;border-bottom-right-radius:0px;border-bottom-left-radius:0px;}.kadence-column293_a2b91c-99 > .kt-inside-inner-col{column-gap:var(--global-kb-gap-sm, 1rem);}.kadence-column293_a2b91c-99 > .kt-inside-inner-col{flex-direction:column;}.kadence-column293_a2b91c-99 > .kt-inside-inner-col > .aligncenter{width:100%;}.kadence-column293_a2b91c-99 > .kt-inside-inner-col:before{opacity:0.3;}.kadence-column293_a2b91c-99{position:relative;}@media all and (max-width: 1024px){.kadence-column293_a2b91c-99 > .kt-inside-inner-col{flex-direction:column;justify-content:center;}}@media all and (max-width: 767px){.kadence-column293_a2b91c-99 > .kt-inside-inner-col{flex-direction:column;justify-content:center;}}<\/style>\n<div class=\"wp-block-kadence-column kadence-column293_a2b91c-99\"><div class=\"kt-inside-inner-col\"><div class=\"wp-block-image\">\n<figure class=\"aligncenter\"><img loading=\"lazy\" decoding=\"async\" width=\"115\" height=\"115\" src=\"https:\/\/floristes.cat\/wp-content\/uploads\/2019\/09\/gremi_floristes_dan_collado.png\" alt=\"Dan Collado\" class=\"wp-image-112\"\/><\/figure>\n<\/div>\n\n\n<p class=\"has-text-align-center name_person\"><strong>Dan Collado<\/strong><\/p>\n\n\n\n<p class=\"has-text-align-center membre_floristeria\">Flors La Planteta<\/p>\n\n\n\n<p class=\"has-text-align-center position_person\">Responsable de comunicaci\u00f3n<\/p>\n<\/div><\/div>\n\n\n<style>.kadence-column293_b3145c-53 > .kt-inside-inner-col,.kadence-column293_b3145c-53 > .kt-inside-inner-col:before{border-top-left-radius:0px;border-top-right-radius:0px;border-bottom-right-radius:0px;border-bottom-left-radius:0px;}.kadence-column293_b3145c-53 > .kt-inside-inner-col{column-gap:var(--global-kb-gap-sm, 1rem);}.kadence-column293_b3145c-53 > .kt-inside-inner-col{flex-direction:column;}.kadence-column293_b3145c-53 > .kt-inside-inner-col > .aligncenter{width:100%;}.kadence-column293_b3145c-53 > .kt-inside-inner-col:before{opacity:0.3;}.kadence-column293_b3145c-53{position:relative;}@media all and (max-width: 1024px){.kadence-column293_b3145c-53 > .kt-inside-inner-col{flex-direction:column;justify-content:center;}}@media all and (max-width: 767px){.kadence-column293_b3145c-53 > .kt-inside-inner-col{flex-direction:column;justify-content:center;}}<\/style>\n<div class=\"wp-block-kadence-column kadence-column293_b3145c-53\"><div class=\"kt-inside-inner-col\"><div class=\"wp-block-image\">\n<figure class=\"aligncenter\"><img loading=\"lazy\" decoding=\"async\" width=\"115\" height=\"115\" src=\"https:\/\/floristes.cat\/wp-content\/uploads\/2019\/09\/gremi_floristes_sergi_gonzalez.png\" alt=\"Sergi Gonz\u00e1lez\" class=\"wp-image-111\"\/><\/figure>\n<\/div>\n\n\n<p class=\"has-text-align-center name_person\">Sergi Gonz\u00e1lez<\/p>\n\n\n\n<p class=\"has-text-align-center membre_floristeria\">Garciflors<\/p>\n\n\n\n<p class=\"has-text-align-center position_person\">Responsable de eventos<\/p>\n<\/div><\/div>\n\n\n<style>.kadence-column293_9978d2-1b > .kt-inside-inner-col,.kadence-column293_9978d2-1b > .kt-inside-inner-col:before{border-top-left-radius:0px;border-top-right-radius:0px;border-bottom-right-radius:0px;border-bottom-left-radius:0px;}.kadence-column293_9978d2-1b > .kt-inside-inner-col{column-gap:var(--global-kb-gap-sm, 1rem);}.kadence-column293_9978d2-1b > .kt-inside-inner-col{flex-direction:column;}.kadence-column293_9978d2-1b > .kt-inside-inner-col > .aligncenter{width:100%;}.kadence-column293_9978d2-1b > .kt-inside-inner-col:before{opacity:0.3;}.kadence-column293_9978d2-1b{position:relative;}@media all and (max-width: 1024px){.kadence-column293_9978d2-1b > .kt-inside-inner-col{flex-direction:column;justify-content:center;}}@media all and (max-width: 767px){.kadence-column293_9978d2-1b > .kt-inside-inner-col{flex-direction:column;justify-content:center;}}<\/style>\n<div class=\"wp-block-kadence-column kadence-column293_9978d2-1b\"><div class=\"kt-inside-inner-col\"><div class=\"wp-block-image\">\n<figure class=\"aligncenter size-full\"><img loading=\"lazy\" decoding=\"async\" width=\"114\" height=\"114\" src=\"https:\/\/floristes.cat\/wp-content\/uploads\/2026\/02\/dolor_roig.webp\" alt=\"Dolors Roig\" class=\"wp-image-8089\"\/><\/figure>\n<\/div>\n\n\n<p class=\"has-text-align-center name_person\">Dolors Roig<\/p>\n\n\n\n<p class=\"has-text-align-center position_person\">Direcci\u00f3n General<\/p>\n<\/div><\/div>\n\n\n<style>.kadence-column293_b677c7-6f > .kt-inside-inner-col,.kadence-column293_b677c7-6f > .kt-inside-inner-col:before{border-top-left-radius:0px;border-top-right-radius:0px;border-bottom-right-radius:0px;border-bottom-left-radius:0px;}.kadence-column293_b677c7-6f > .kt-inside-inner-col{column-gap:var(--global-kb-gap-sm, 1rem);}.kadence-column293_b677c7-6f > .kt-inside-inner-col{flex-direction:column;}.kadence-column293_b677c7-6f > .kt-inside-inner-col > .aligncenter{width:100%;}.kadence-column293_b677c7-6f > .kt-inside-inner-col:before{opacity:0.3;}.kadence-column293_b677c7-6f{position:relative;}@media all and (max-width: 1024px){.kadence-column293_b677c7-6f > .kt-inside-inner-col{flex-direction:column;justify-content:center;}}@media all and (max-width: 767px){.kadence-column293_b677c7-6f > .kt-inside-inner-col{flex-direction:column;justify-content:center;}}<\/style>\n<div class=\"wp-block-kadence-column kadence-column293_b677c7-6f\"><div class=\"kt-inside-inner-col\"><div class=\"wp-block-image\">\n<figure class=\"aligncenter size-full\"><img loading=\"lazy\" decoding=\"async\" width=\"114\" height=\"114\" src=\"https:\/\/floristes.cat\/wp-content\/uploads\/2026\/02\/elena_rovira.webp\" alt=\"Elena Rovira\" class=\"wp-image-8087\"\/><\/figure>\n<\/div>\n\n\n<p class=\"has-text-align-center name_person\">Elena Rovira<\/p>\n\n\n\n<p class=\"has-text-align-center position_person\">Responsable de Administraci\u00f3n<\/p>\n<\/div><\/div>\n\n<\/div><\/div><\/div><\/div>\n\n<\/div><\/div>\n\n<style>.kb-row-layout-id293_a74025-3b > .kt-row-column-wrap{align-content:start;}:where(.kb-row-layout-id293_a74025-3b > .kt-row-column-wrap) > .wp-block-kadence-column{justify-content:start;}.kb-row-layout-id293_a74025-3b > .kt-row-column-wrap{column-gap:var(--global-kb-gap-md, 2rem);row-gap:var(--global-kb-gap-md, 2rem);max-width:1280px;margin-left:auto;margin-right:auto;padding-top:var(--global-kb-spacing-sm, 1.5rem);padding-bottom:var(--global-kb-spacing-sm, 1.5rem);grid-template-columns:minmax(0, 1fr);}.kb-row-layout-id293_a74025-3b{background-color:#ce5c4c;}.kb-row-layout-id293_a74025-3b > .kt-row-layout-overlay{opacity:0.30;}@media all and (max-width: 1024px){.kb-row-layout-id293_a74025-3b > .kt-row-column-wrap{grid-template-columns:minmax(0, 1fr);}}@media all and (max-width: 767px){.kb-row-layout-id293_a74025-3b > .kt-row-column-wrap{grid-template-columns:minmax(0, 1fr);}}<\/style><div class=\"kb-row-layout-wrap kb-row-layout-id293_a74025-3b alignfull kt-row-has-bg block_news wp-block-kadence-rowlayout\"><div class=\"kt-row-column-wrap kt-has-1-columns kt-row-layout-equal kt-tab-layout-inherit kt-mobile-layout-row kt-row-valign-top\">\n<style>.kadence-column293_4d0783-c2 > .kt-inside-inner-col,.kadence-column293_4d0783-c2 > .kt-inside-inner-col:before{border-top-left-radius:0px;border-top-right-radius:0px;border-bottom-right-radius:0px;border-bottom-left-radius:0px;}.kadence-column293_4d0783-c2 > .kt-inside-inner-col{column-gap:var(--global-kb-gap-sm, 1rem);}.kadence-column293_4d0783-c2 > .kt-inside-inner-col{flex-direction:column;}.kadence-column293_4d0783-c2 > .kt-inside-inner-col > .aligncenter{width:100%;}.kadence-column293_4d0783-c2 > .kt-inside-inner-col:before{opacity:0.3;}.kadence-column293_4d0783-c2{position:relative;}@media all and (max-width: 1024px){.kadence-column293_4d0783-c2 > .kt-inside-inner-col{flex-direction:column;justify-content:center;}}@media all and (max-width: 767px){.kadence-column293_4d0783-c2 > .kt-inside-inner-col{flex-direction:column;justify-content:center;}}<\/style>\n<div class=\"wp-block-kadence-column kadence-column293_4d0783-c2\"><div class=\"kt-inside-inner-col\">\n<h2 class=\"wp-block-heading has-text-align-center\" id=\"elgremi\">Noticias<\/h2>\n\n\n<style>.kb-posts-id-293_33b16b-15 .entry.loop-entry .entry-header .entry-title{font-size:32px;}.kb-posts-id-293_33b16b-15 .kb-post-list-item{display:grid;}<\/style><ul class=\"wp-block-kadence-posts kb-posts kadence-posts-list kb-posts-id-293_33b16b-15 content-wrap grid-cols kb-posts-style-unboxed grid-sm-col-2 grid-lg-col-2 item-image-style-above\"><li class=\"kb-post-list-item\">\n\t<article class=\"entry content-bg loop-entry post-8525 post type-post status-publish format-standard has-post-thumbnail hentry category-actividades category-destacado with-featured-image\">\n\t\t\t\t<a aria-hidden=\"true\" tabindex=\"-1\" role=\"presentation\" class=\"post-thumbnail kadence-thumbnail-ratio-2-3\" href=\"https:\/\/floristes.cat\/es\/hola-primavera\/\" aria-label=\"HOLA PRIMAVERA\">\n\t\t\t<div class=\"post-thumbnail-inner\">\n\t\t\t\t<img loading=\"lazy\" decoding=\"async\" width=\"768\" height=\"960\" src=\"https:\/\/floristes.cat\/wp-content\/uploads\/2026\/03\/Hola-primavera-1-768x960.png\" class=\"attachment-medium_large size-medium_large wp-post-image\" alt=\"HOLA PRIMAVERA\" srcset=\"https:\/\/floristes.cat\/wp-content\/uploads\/2026\/03\/Hola-primavera-1-768x960.png 768w, https:\/\/floristes.cat\/wp-content\/uploads\/2026\/03\/Hola-primavera-1-240x300.png 240w, https:\/\/floristes.cat\/wp-content\/uploads\/2026\/03\/Hola-primavera-1-819x1024.png 819w, https:\/\/floristes.cat\/wp-content\/uploads\/2026\/03\/Hola-primavera-1-300x375.png 300w, https:\/\/floristes.cat\/wp-content\/uploads\/2026\/03\/Hola-primavera-1.png 1080w\" sizes=\"auto, (max-width: 768px) 100vw, 768px\" \/>\t\t\t<\/div>\n\t\t<\/a><!-- .post-thumbnail -->\n\t\t\t\t<div class=\"entry-content-wrap\">\n\t\t\t<header class=\"entry-header\">\n\t<h3 class=\"entry-title\"><a href=\"https:\/\/floristes.cat\/es\/hola-primavera\/\" rel=\"bookmark\">HOLA PRIMAVERA<\/a><\/h3>\t<div class=\"entry-meta entry-meta-divider-dot\">\n\t\t<\/div><!-- .entry-meta -->\n\t<\/header><!-- .entry-header -->\n\t<div class=\"entry-summary\">\n\t\t<p>Con la llegada de la primavera, la naturaleza se transforma. Los d\u00edas se alargan, la luz se hace m\u00e1s intensa y las flores toman protagonismo. Es una \u00e9poca ideal para renovar espacios, llenar la casa de color y reconectar con la naturaleza. Desde el Gremio de Floristas, queremos dar la bienvenida a esta estaci\u00f3n con &hellip;<\/p>\n\t<\/div><!-- .entry-summary -->\n\t<footer class=\"entry-footer\">\n\t\t\t<div class=\"entry-actions\">\n\t\t\t<p class=\"more-link-wrap\">\n\t\t\t\t<a href=\"https:\/\/floristes.cat\/es\/hola-primavera\/\" class=\"post-more-link\">\n\t\t\t\t\tLlegir m\u00e9s<span class=\"screen-reader-text\"> HOLA PRIMAVERA<\/span><span class=\"kadence-svg-iconset svg-baseline\"><svg aria-hidden=\"true\" class=\"kadence-svg-icon kadence-arrow-right-alt-svg\" fill=\"currentColor\" version=\"1.1\" xmlns=\"http:\/\/www.w3.org\/2000\/svg\" width=\"27\" height=\"28\" viewBox=\"0 0 27 28\"><title>Continuar<\/title><path d=\"M27 13.953c0 0.141-0.063 0.281-0.156 0.375l-6 5.531c-0.156 0.141-0.359 0.172-0.547 0.094-0.172-0.078-0.297-0.25-0.297-0.453v-3.5h-19.5c-0.281 0-0.5-0.219-0.5-0.5v-3c0-0.281 0.219-0.5 0.5-0.5h19.5v-3.5c0-0.203 0.109-0.375 0.297-0.453s0.391-0.047 0.547 0.078l6 5.469c0.094 0.094 0.156 0.219 0.156 0.359v0z\"><\/path>\n\t\t\t<\/svg><\/span>\t\t\t\t<\/a>\n\t\t\t<\/p>\n\t\t<\/div><!-- .entry-actions -->\n\t\t<\/footer><!-- .entry-footer -->\t\t<\/div>\n\t<\/article>\n<\/li>\n<li class=\"kb-post-list-item\">\n\t<article class=\"entry content-bg loop-entry post-8316 post type-post status-publish format-standard has-post-thumbnail hentry category-actividades category-destacado with-featured-image\">\n\t\t\t\t<a aria-hidden=\"true\" tabindex=\"-1\" role=\"presentation\" class=\"post-thumbnail kadence-thumbnail-ratio-2-3\" href=\"https:\/\/floristes.cat\/es\/sant-jordi-2026-informacio\/\" aria-label=\"SANT JORDI 2026: Informaci\u00f3n\">\n\t\t\t<div class=\"post-thumbnail-inner\">\n\t\t\t\t<img loading=\"lazy\" decoding=\"async\" width=\"768\" height=\"960\" src=\"https:\/\/floristes.cat\/wp-content\/uploads\/2026\/03\/sant-3-768x960.png\" class=\"attachment-medium_large size-medium_large wp-post-image\" alt=\"SANT JORDI 2026: Informaci\u00f3n\" srcset=\"https:\/\/floristes.cat\/wp-content\/uploads\/2026\/03\/sant-3-768x960.png 768w, https:\/\/floristes.cat\/wp-content\/uploads\/2026\/03\/sant-3-240x300.png 240w, https:\/\/floristes.cat\/wp-content\/uploads\/2026\/03\/sant-3-819x1024.png 819w, https:\/\/floristes.cat\/wp-content\/uploads\/2026\/03\/sant-3-300x375.png 300w, https:\/\/floristes.cat\/wp-content\/uploads\/2026\/03\/sant-3.png 1080w\" sizes=\"auto, (max-width: 768px) 100vw, 768px\" \/>\t\t\t<\/div>\n\t\t<\/a><!-- .post-thumbnail -->\n\t\t\t\t<div class=\"entry-content-wrap\">\n\t\t\t<header class=\"entry-header\">\n\t<h3 class=\"entry-title\"><a href=\"https:\/\/floristes.cat\/es\/sant-jordi-2026-informacio\/\" rel=\"bookmark\">SANT JORDI 2026: Informaci\u00f3n<\/a><\/h3>\t<div class=\"entry-meta entry-meta-divider-dot\">\n\t\t<\/div><!-- .entry-meta -->\n\t<\/header><!-- .entry-header -->\n\t<div class=\"entry-summary\">\n\t\t<p>Tal como os informamos en la reuni\u00f3n que hicimos el pasado 25 de febrero, aqu\u00ed os dejamos un resumen de la parte que afecta a la concesi\u00f3n de paradas y licencias para tener parada profesional de rosas por Sant Jordi. En la mayor\u00eda de ciudades y poblaciones se dedica un espacio al que se denomina &hellip;<\/p>\n\t<\/div><!-- .entry-summary -->\n\t<footer class=\"entry-footer\">\n\t\t\t<div class=\"entry-actions\">\n\t\t\t<p class=\"more-link-wrap\">\n\t\t\t\t<a href=\"https:\/\/floristes.cat\/es\/sant-jordi-2026-informacio\/\" class=\"post-more-link\">\n\t\t\t\t\tLlegir m\u00e9s<span class=\"screen-reader-text\"> SANT JORDI 2026: Informaci\u00f3n<\/span><span class=\"kadence-svg-iconset svg-baseline\"><svg aria-hidden=\"true\" class=\"kadence-svg-icon kadence-arrow-right-alt-svg\" fill=\"currentColor\" version=\"1.1\" xmlns=\"http:\/\/www.w3.org\/2000\/svg\" width=\"27\" height=\"28\" viewBox=\"0 0 27 28\"><title>Continuar<\/title><path d=\"M27 13.953c0 0.141-0.063 0.281-0.156 0.375l-6 5.531c-0.156 0.141-0.359 0.172-0.547 0.094-0.172-0.078-0.297-0.25-0.297-0.453v-3.5h-19.5c-0.281 0-0.5-0.219-0.5-0.5v-3c0-0.281 0.219-0.5 0.5-0.5h19.5v-3.5c0-0.203 0.109-0.375 0.297-0.453s0.391-0.047 0.547 0.078l6 5.469c0.094 0.094 0.156 0.219 0.156 0.359v0z\"><\/path>\n\t\t\t<\/svg><\/span>\t\t\t\t<\/a>\n\t\t\t<\/p>\n\t\t<\/div><!-- .entry-actions -->\n\t\t<\/footer><!-- .entry-footer -->\t\t<\/div>\n\t<\/article>\n<\/li>\n<li class=\"kb-post-list-item\">\n\t<article class=\"entry content-bg loop-entry post-7739 post type-post status-publish format-standard has-post-thumbnail hentry category-destacado with-featured-image\">\n\t\t\t\t<a aria-hidden=\"true\" tabindex=\"-1\" role=\"presentation\" class=\"post-thumbnail kadence-thumbnail-ratio-2-3\" href=\"https:\/\/floristes.cat\/es\/el-gremi-signa-un-nou-acord-amb-florenet-per-impulsar-la-gestio-digital-de-les-floristeries\/\" aria-label=\"El Gremio firma un nuevo acuerdo con Florenet para impulsar la gesti\u00f3n digital de las florister\u00edas\">\n\t\t\t<div class=\"post-thumbnail-inner\">\n\t\t\t\t<img loading=\"lazy\" decoding=\"async\" width=\"768\" height=\"960\" src=\"https:\/\/floristes.cat\/wp-content\/uploads\/2026\/02\/Texto-2-768x960.png\" class=\"attachment-medium_large size-medium_large wp-post-image\" alt=\"El Gremio firma un nuevo acuerdo con Florenet para impulsar la gesti\u00f3n digital de las florister\u00edas\" srcset=\"https:\/\/floristes.cat\/wp-content\/uploads\/2026\/02\/Texto-2-768x960.png 768w, https:\/\/floristes.cat\/wp-content\/uploads\/2026\/02\/Texto-2-240x300.png 240w, https:\/\/floristes.cat\/wp-content\/uploads\/2026\/02\/Texto-2-819x1024.png 819w, https:\/\/floristes.cat\/wp-content\/uploads\/2026\/02\/Texto-2-300x375.png 300w, https:\/\/floristes.cat\/wp-content\/uploads\/2026\/02\/Texto-2.png 1080w\" sizes=\"auto, (max-width: 768px) 100vw, 768px\" \/>\t\t\t<\/div>\n\t\t<\/a><!-- .post-thumbnail -->\n\t\t\t\t<div class=\"entry-content-wrap\">\n\t\t\t<header class=\"entry-header\">\n\t<h3 class=\"entry-title\"><a href=\"https:\/\/floristes.cat\/es\/el-gremi-signa-un-nou-acord-amb-florenet-per-impulsar-la-gestio-digital-de-les-floristeries\/\" rel=\"bookmark\">El Gremio firma un nuevo acuerdo con Florenet para impulsar la gesti\u00f3n digital de las florister\u00edas<\/a><\/h3>\t<div class=\"entry-meta entry-meta-divider-dot\">\n\t\t<\/div><!-- .entry-meta -->\n\t<\/header><!-- .entry-header -->\n\t<div class=\"entry-summary\">\n\t\t<p>El Gremio de Floristas ha firmado un nuevo acuerdo de colaboraci\u00f3n con&nbsp;Florenet, un software de gesti\u00f3n especializado para florister\u00edas que permite optimizar el d\u00eda a d\u00eda del negocio y adaptarse a los nuevos requerimientos normativos, incluyendo el sistema&nbsp;Verifactu. Este acuerdo nace con la voluntad de ofrecer a nuestros\u00a0agremiados\u00a0una herramienta pensada espec\u00edficamente para el sector, con &hellip;<\/p>\n\t<\/div><!-- .entry-summary -->\n\t<footer class=\"entry-footer\">\n\t\t\t<div class=\"entry-actions\">\n\t\t\t<p class=\"more-link-wrap\">\n\t\t\t\t<a href=\"https:\/\/floristes.cat\/es\/el-gremi-signa-un-nou-acord-amb-florenet-per-impulsar-la-gestio-digital-de-les-floristeries\/\" class=\"post-more-link\">\n\t\t\t\t\tLlegir m\u00e9s<span class=\"screen-reader-text\"> El Gremio firma un nuevo acuerdo con Florenet para impulsar la gesti\u00f3n digital de las florister\u00edas<\/span><span class=\"kadence-svg-iconset svg-baseline\"><svg aria-hidden=\"true\" class=\"kadence-svg-icon kadence-arrow-right-alt-svg\" fill=\"currentColor\" version=\"1.1\" xmlns=\"http:\/\/www.w3.org\/2000\/svg\" width=\"27\" height=\"28\" viewBox=\"0 0 27 28\"><title>Continuar<\/title><path d=\"M27 13.953c0 0.141-0.063 0.281-0.156 0.375l-6 5.531c-0.156 0.141-0.359 0.172-0.547 0.094-0.172-0.078-0.297-0.25-0.297-0.453v-3.5h-19.5c-0.281 0-0.5-0.219-0.5-0.5v-3c0-0.281 0.219-0.5 0.5-0.5h19.5v-3.5c0-0.203 0.109-0.375 0.297-0.453s0.391-0.047 0.547 0.078l6 5.469c0.094 0.094 0.156 0.219 0.156 0.359v0z\"><\/path>\n\t\t\t<\/svg><\/span>\t\t\t\t<\/a>\n\t\t\t<\/p>\n\t\t<\/div><!-- .entry-actions -->\n\t\t<\/footer><!-- .entry-footer -->\t\t<\/div>\n\t<\/article>\n<\/li>\n<li class=\"kb-post-list-item\">\n\t<article class=\"entry content-bg loop-entry post-6725 post type-post status-publish format-standard has-post-thumbnail hentry category-destacado with-featured-image\">\n\t\t\t\t<a aria-hidden=\"true\" tabindex=\"-1\" role=\"presentation\" class=\"post-thumbnail kadence-thumbnail-ratio-2-3\" href=\"https:\/\/floristes.cat\/es\/creem-el-segell-rosa-dautor\/\" aria-label=\"Presentaci\u00f3n del distintivo ROSA DE AUTOR\">\n\t\t\t<div class=\"post-thumbnail-inner\">\n\t\t\t\t<img loading=\"lazy\" decoding=\"async\" width=\"768\" height=\"768\" src=\"https:\/\/floristes.cat\/wp-content\/uploads\/2025\/03\/ATENCIO-5-768x768.png\" class=\"attachment-medium_large size-medium_large wp-post-image\" alt=\"Presentaci\u00f3n del distintivo ROSA DE AUTOR\" srcset=\"https:\/\/floristes.cat\/wp-content\/uploads\/2025\/03\/ATENCIO-5-768x768.png 768w, https:\/\/floristes.cat\/wp-content\/uploads\/2025\/03\/ATENCIO-5-300x300.png 300w, https:\/\/floristes.cat\/wp-content\/uploads\/2025\/03\/ATENCIO-5-1024x1024.png 1024w, https:\/\/floristes.cat\/wp-content\/uploads\/2025\/03\/ATENCIO-5-150x150.png 150w, https:\/\/floristes.cat\/wp-content\/uploads\/2025\/03\/ATENCIO-5-600x600.png 600w, https:\/\/floristes.cat\/wp-content\/uploads\/2025\/03\/ATENCIO-5.png 1080w\" sizes=\"auto, (max-width: 768px) 100vw, 768px\" \/>\t\t\t<\/div>\n\t\t<\/a><!-- .post-thumbnail -->\n\t\t\t\t<div class=\"entry-content-wrap\">\n\t\t\t<header class=\"entry-header\">\n\t<h3 class=\"entry-title\"><a href=\"https:\/\/floristes.cat\/es\/creem-el-segell-rosa-dautor\/\" rel=\"bookmark\">Presentaci\u00f3n del distintivo ROSA DE AUTOR<\/a><\/h3>\t<div class=\"entry-meta entry-meta-divider-dot\">\n\t\t<\/div><!-- .entry-meta -->\n\t<\/header><!-- .entry-header -->\n\t<div class=\"entry-summary\">\n\t\t<p>La creaci\u00f3n del distintivo Rosa de Autor busca reconocer y poner en valor la rosa elaborada por los floristas y diferenciarla de las rosas hechas por los no profesionales. A trav\u00e9s de una colaboraci\u00f3n con la facultad de dise\u00f1o e ingenier\u00eda Elisava, doce alumnos del Grado de Dise\u00f1o han presentado sus proyectos para crear la &hellip;<\/p>\n\t<\/div><!-- .entry-summary -->\n\t<footer class=\"entry-footer\">\n\t\t\t<div class=\"entry-actions\">\n\t\t\t<p class=\"more-link-wrap\">\n\t\t\t\t<a href=\"https:\/\/floristes.cat\/es\/creem-el-segell-rosa-dautor\/\" class=\"post-more-link\">\n\t\t\t\t\tLlegir m\u00e9s<span class=\"screen-reader-text\"> Presentaci\u00f3n del distintivo ROSA DE AUTOR<\/span><span class=\"kadence-svg-iconset svg-baseline\"><svg aria-hidden=\"true\" class=\"kadence-svg-icon kadence-arrow-right-alt-svg\" fill=\"currentColor\" version=\"1.1\" xmlns=\"http:\/\/www.w3.org\/2000\/svg\" width=\"27\" height=\"28\" viewBox=\"0 0 27 28\"><title>Continuar<\/title><path d=\"M27 13.953c0 0.141-0.063 0.281-0.156 0.375l-6 5.531c-0.156 0.141-0.359 0.172-0.547 0.094-0.172-0.078-0.297-0.25-0.297-0.453v-3.5h-19.5c-0.281 0-0.5-0.219-0.5-0.5v-3c0-0.281 0.219-0.5 0.5-0.5h19.5v-3.5c0-0.203 0.109-0.375 0.297-0.453s0.391-0.047 0.547 0.078l6 5.469c0.094 0.094 0.156 0.219 0.156 0.359v0z\"><\/path>\n\t\t\t<\/svg><\/span>\t\t\t\t<\/a>\n\t\t\t<\/p>\n\t\t<\/div><!-- .entry-actions -->\n\t\t<\/footer><!-- .entry-footer -->\t\t<\/div>\n\t<\/article>\n<\/li>\n<\/ul><\/div><\/div>\n\n<\/div><\/div>\n\n\n<div style=\"background-color:#bed7b2\" class=\"wp-block-atomic-blocks-ab-container block_objectives ab-block-container alignfull\"><div class=\"ab-container-inside\"><div class=\"ab-container-content\" style=\"max-width:1600px\">\n<div class=\"wp-block-atomic-blocks-ab-columns ab-layout-columns-1 one-column alignwide\"><div class=\"ab-layout-column-wrap ab-block-layout-column-gap-2 ab-is-responsive-column\">\n<div class=\"wp-block-atomic-blocks-ab-column ab-block-layout-column\"><div class=\"ab-block-layout-column-inner\">\n<div id=\"comoasociarse\"><\/div><div id=\"contacto\"><\/div>\n\n\n\n<h2 class=\"wp-block-heading has-text-align-center\" id=\"elgremi\">C\u00f3mo asociarse<\/h2>\n\n\n\n<p class=\"has-text-align-center\">Juntos podemos llegar lejos y somos conscientes de que queda mucho camino por hacer.<br> Desde aqu\u00ed te animamos a que formes parte del Gremio, contacta con nosotros a trav\u00e9s del mail <a href=\"mailto: gremi@floristes.cat\">gremi@floristes.cat<\/a> <br>o llam\u00e1ndonos al tel\u00e9fono <a href=\"tel: 934616453\">93 461 64 53<\/a><br> Te ayudaremos!<\/p>\n\n\n\n<div class=\"wp-block-atomic-blocks-ab-columns ab-layout-columns-3 ab-3-col-widecenter\"><div class=\"ab-layout-column-wrap ab-block-layout-column-gap-0 ab-is-responsive-column\">\n<div class=\"wp-block-atomic-blocks-ab-column ab-block-layout-column\"><div class=\"ab-block-layout-column-inner\">\n<p><\/p>\n<\/div><\/div>\n\n\n\n<div class=\"wp-block-atomic-blocks-ab-column ab-block-layout-column\"><div class=\"ab-block-layout-column-inner\">\n<div class=\"wpcf7 no-js\" id=\"wpcf7-f403-o1\" lang=\"es-ES\" dir=\"ltr\" data-wpcf7-id=\"403\">\n<div class=\"screen-reader-response\"><p role=\"status\" aria-live=\"polite\" aria-atomic=\"true\"><\/p> <ul><\/ul><\/div>\n<form action=\"\/es\/wp-json\/wp\/v2\/pages\/293#wpcf7-f403-o1\" method=\"post\" class=\"wpcf7-form init\" aria-label=\"Formulario de contacto\" novalidate=\"novalidate\" data-status=\"init\">\n<fieldset class=\"hidden-fields-container\"><input type=\"hidden\" name=\"_wpcf7\" value=\"403\" \/><input type=\"hidden\" name=\"_wpcf7_version\" value=\"6.1.5\" \/><input type=\"hidden\" name=\"_wpcf7_locale\" value=\"es_ES\" \/><input type=\"hidden\" name=\"_wpcf7_unit_tag\" value=\"wpcf7-f403-o1\" \/><input type=\"hidden\" name=\"_wpcf7_container_post\" value=\"0\" \/><input type=\"hidden\" name=\"_wpcf7_posted_data_hash\" value=\"\" \/><input type=\"hidden\" name=\"_wpcf7_recaptcha_response\" value=\"\" \/>\n<\/fieldset>\n<p>\t\t<div id=\"cf7md-form\" class=\"cf7md-form\">\n\t\t\t<div class=\"mdc-layout-grid\">\n\t\t\t\t<div class=\"mdc-layout-grid__inner\">\n\t\t\t\t\t\t\t\t\t\t\n\t\t\n\t\t<div class=\"cf7md-item cf7md-text mdc-layout-grid__cell mdc-layout-grid__cell--span-12-desktop mdc-layout-grid__cell--span-8-tablet mdc-layout-grid__cell--span-4-phone\">\n\t\t\t<br \/>\n<span class=\"wpcf7-form-control-wrap\" data-name=\"your-name\"><input size=\"40\" maxlength=\"400\" class=\"wpcf7-form-control wpcf7-text wpcf7-validates-as-required\" aria-required=\"true\" aria-invalid=\"false\" value=\"\" type=\"text\" name=\"your-name\" \/><\/span><br \/>\n\t\t\t\t\t\t<div style=\"display: none;\" class=\"cf7md-text-html\">\n\t\t\t\t<div class=\"mdc-text-field \">\n\t\t\t\t\t\n\t\t\t\t\t\t\t\t\t\t\t<label class=\"mdc-floating-label\">Nombre<\/label>\n\t\t\t\t\t\t<div class=\"mdc-line-ripple\"><\/div>\n\t\t\t\t\t\t\t\t\t<\/div>\n\t\t\t<\/div>\n\t\t<\/div>\n\t\t\n<\/p>\n\t\t\n\t\t<div class=\"cf7md-item cf7md-text mdc-layout-grid__cell mdc-layout-grid__cell--span-12-desktop mdc-layout-grid__cell--span-8-tablet mdc-layout-grid__cell--span-4-phone\">\n\t\t\t<br \/>\n<span class=\"wpcf7-form-control-wrap\" data-name=\"empresa\"><input size=\"40\" maxlength=\"400\" class=\"wpcf7-form-control wpcf7-text wpcf7-validates-as-required\" aria-required=\"true\" aria-invalid=\"false\" value=\"\" type=\"text\" name=\"empresa\" \/><\/span><br \/>\n\t\t\t\t\t\t<div style=\"display: none;\" class=\"cf7md-text-html\">\n\t\t\t\t<div class=\"mdc-text-field \">\n\t\t\t\t\t\n\t\t\t\t\t\t\t\t\t\t\t<label class=\"mdc-floating-label\">Empresa\/Entidad<\/label>\n\t\t\t\t\t\t<div class=\"mdc-line-ripple\"><\/div>\n\t\t\t\t\t\t\t\t\t<\/div>\n\t\t\t<\/div>\n\t\t<\/div>\n\t\t\n\t\t\n\t\t<div class=\"cf7md-item cf7md-text mdc-layout-grid__cell mdc-layout-grid__cell--span-6-desktop mdc-layout-grid__cell--span-4-tablet mdc-layout-grid__cell--span-4-phone\">\n\t\t\t<br \/>\n<span class=\"wpcf7-form-control-wrap\" data-name=\"tel-354\"><input size=\"40\" maxlength=\"400\" class=\"wpcf7-form-control wpcf7-tel wpcf7-validates-as-required wpcf7-text wpcf7-validates-as-tel\" aria-required=\"true\" aria-invalid=\"false\" value=\"\" type=\"tel\" name=\"tel-354\" \/><\/span><br \/>\n\t\t\t\t\t\t<div style=\"display: none;\" class=\"cf7md-text-html\">\n\t\t\t\t<div class=\"mdc-text-field \">\n\t\t\t\t\t\n\t\t\t\t\t\t\t\t\t\t\t<label class=\"mdc-floating-label\">Tel\u00e9fono<\/label>\n\t\t\t\t\t\t<div class=\"mdc-line-ripple\"><\/div>\n\t\t\t\t\t\t\t\t\t<\/div>\n\t\t\t<\/div>\n\t\t<\/div>\n\t\t\n\t\t\n\t\t<div class=\"cf7md-item cf7md-text mdc-layout-grid__cell mdc-layout-grid__cell--span-6-desktop mdc-layout-grid__cell--span-4-tablet mdc-layout-grid__cell--span-4-phone\">\n\t\t\t<br \/>\n<span class=\"wpcf7-form-control-wrap\" data-name=\"your-email\"><input size=\"40\" maxlength=\"400\" class=\"wpcf7-form-control wpcf7-email wpcf7-validates-as-required wpcf7-text wpcf7-validates-as-email\" aria-required=\"true\" aria-invalid=\"false\" value=\"\" type=\"email\" name=\"your-email\" \/><\/span><br \/>\n\t\t\t\t\t\t<div style=\"display: none;\" class=\"cf7md-text-html\">\n\t\t\t\t<div class=\"mdc-text-field \">\n\t\t\t\t\t\n\t\t\t\t\t\t\t\t\t\t\t<label class=\"mdc-floating-label\">Email<\/label>\n\t\t\t\t\t\t<div class=\"mdc-line-ripple\"><\/div>\n\t\t\t\t\t\t\t\t\t<\/div>\n\t\t\t<\/div>\n\t\t<\/div>\n\t\t\n\n\t\t<div class=\"cf7md-item cf7md-textarea mdc-layout-grid__cell mdc-layout-grid__cell--span-12-desktop mdc-layout-grid__cell--span-8-tablet mdc-layout-grid__cell--span-4-phone cf7md-textarea-autosize\">\n\t\t\t<br \/>\n<span class=\"wpcf7-form-control-wrap\" data-name=\"your-message\"><textarea cols=\"40\" rows=\"10\" maxlength=\"2000\" class=\"wpcf7-form-control wpcf7-textarea wpcf7-validates-as-required\" aria-required=\"true\" aria-invalid=\"false\" name=\"your-message\"><\/textarea><\/span><br \/>\n\t\t\t\t\t\t<div style=\"display: none;\" class=\"cf7md-text-html\">\n\t\t\t\t<div class=\"mdc-text-field  mdc-text-field--textarea\">\n\t\t\t\t\t\t\t\t\t\t<div class=\"mdc-notched-outline\">\n\t\t\t\t\t\t<div class=\"mdc-notched-outline__leading\"><\/div>\n\t\t\t\t\t\t<div class=\"mdc-notched-outline__notch\">\n\t\t\t\t\t\t\t<label class=\"mdc-floating-label\">\u00bfC\u00f3mo podemos ayudarte?<\/label>\n\t\t\t\t\t\t<\/div>\n\t\t\t\t\t\t<div class=\"mdc-notched-outline__trailing\"><\/div>\n\t\t\t\t\t<\/div>\n\t\t\t\t<\/div>\n\t\t\t<\/div>\n\t\t<\/div>\n\t\t\n<p style=\"font-size:16px;\">Los datos facilitados a trav\u00e9s de este formulario ser\u00e1n tratados por GREMI FLORISTES DE CATALUNYA, con CIF\/NIF G08791626, y domicilio en CALLE LONDRES, 96, PPAL-2, BARCELONA (08036), BARCELONA, de acuerdo a lo establecido en nuestra pol\u00edtica de privacidad con la finalidad de poder enviarle informaci\u00f3n sobre nuestros productos \/ servicios. Los datos recabados por este formulario no se ceder\u00e1n a terceros salvo por obligaci\u00f3n legal. Le recordamos que usted tiene derecho al acceso, rectificaci\u00f3n, limitaci\u00f3n de tratamiento, supresi\u00f3n, portabilidad y oposici\u00f3n al tratamiento de sus datos dirigiendo su petici\u00f3n a la direcci\u00f3n postal indicada o al correo electr\u00f3nico gremi@floristes.cat. Igualmente puede dirigirse a nosotros para cualquier aclaraci\u00f3n adicional. En caso de no aceptaci\u00f3n sus datos no ser\u00e1n tratados.\n<\/p>\n\t\t<div class=\"cf7md-item cf7md-accept cf7md-is-wpcf7v5 mdc-layout-grid__cell mdc-layout-grid__cell--span-12-desktop mdc-layout-grid__cell--span-8-tablet mdc-layout-grid__cell--span-4-phone\">\n\t\t\t\t\t\t\t<label class=\"cf7md-label cf7md-label--static\">T\u00e9rminos<\/label>\n\t\t\t\t\t\t<br \/>\n<span class=\"wpcf7-form-control-wrap\" data-name=\"acceptance-878\"><span class=\"wpcf7-form-control wpcf7-acceptance\"><span class=\"wpcf7-list-item\"><input type=\"checkbox\" name=\"acceptance-878\" value=\"1\" aria-invalid=\"false\" \/><\/span><\/span><\/span><br \/>\n\t\t\t<label class=\"cf7md-accept-label\">He le\u00eddo, acepto y autorizo el uso de mis datos personales seg\u00fan la <a href='https:\/\/floristes.cat\/es\/politica-de-privacidad\/'>pol\u00edtica de privacidad<\/a> y <a href='https:\/\/floristes.cat\/es\/aviso-legal\/'>el aviso legal<\/a><\/label>\n\t\t\t<div style=\"display: none;\" class=\"cf7md-checkbox-html\">\n\t\t\t\t<div class=\"mdc-checkbox__background\">\n\t\t\t\t\t<svg class=\"mdc-checkbox__checkmark\" viewBox=\"0 0 24 24\">\n\t\t\t\t\t\t<path class=\"mdc-checkbox__checkmark-path\" fill=\"none\" d=\"M1.73,12.91 8.1,19.28 22.79,4.59\"\/>\n\t\t\t\t\t<\/svg>\n\t\t\t\t\t<div class=\"mdc-checkbox__mixedmark\"><\/div>\n\t\t\t\t<\/div>\n\t\t\t<\/div>\n\t\t\t\t\t<\/div>\n\t\t\n\t\t<div class=\"cf7md-item cf7md-submit mdc-layout-grid__cell mdc-layout-grid__cell--span-12-desktop mdc-layout-grid__cell--span-8-tablet mdc-layout-grid__cell--span-4-phone\" data-button-style=\"raised\">\n\t\t\t<br \/>\n<input class=\"wpcf7-form-control wpcf7-submit has-spinner\" type=\"submit\" value=\"Enviar\" \/><br \/>\n\t\t\t<svg class=\"cf7md-spinner\" width=\"25px\" height=\"25px\" viewBox=\"0 0 66 66\" xmlns=\"http:\/\/www.w3.org\/2000\/svg\">\n\t\t\t\t<circle class=\"cf7md-spinner-path\" fill=\"none\" stroke-width=\"6\" stroke-linecap=\"round\" cx=\"33\" cy=\"33\" r=\"30\"><\/circle>\n\t\t\t<\/svg>\n\t\t<\/div>\n\t\t\n\t\t\t\t\t\t\t\t\t<\/div>\n\t\t\t<\/div>\n\t\t<\/div>\n\t\t\n<\/p><div class=\"wpcf7-response-output\" aria-hidden=\"true\"><\/div>\n<\/form>\n<\/div>\n\n<\/div><\/div>\n\n\n\n<div class=\"wp-block-atomic-blocks-ab-column ab-block-layout-column\"><div class=\"ab-block-layout-column-inner\">\n<p><\/p>\n<\/div><\/div>\n<\/div><\/div>\n<\/div><\/div>\n<\/div><\/div>\n<\/div><\/div><\/div>\n","protected":false},"excerpt":{"rendered":"<p>Nuestros objetivos Posicionar La figura del florista como profesional experto del arte floral Promover El consumo de flores y plantas naturales y dinamizar su presencia cotidiana Ser referentes Del sector de flor y planta en Catalu\u00f1a a trav\u00e9s de nuestras actividades Ventajas para los socios Ser socio del Gremi tiene ventajas directas que podemos resumir &hellip;<\/p>\n","protected":false},"author":1,"featured_media":0,"parent":0,"menu_order":0,"comment_status":"closed","ping_status":"closed","template":"templates\/template-builder.php","meta":{"inline_featured_image":false,"_kad_blocks_custom_css":"","_kad_blocks_head_custom_js":"","_kad_blocks_body_custom_js":"","_kad_blocks_footer_custom_js":"","footnotes":""},"class_list":["post-293","page","type-page","status-publish","hentry","post","without-featured-image"],"yoast_head":"<!-- This site is optimized with the Yoast SEO plugin v27.0 - https:\/\/yoast.com\/product\/yoast-seo-wordpress\/ -->\n<title>Gremi de Floristes de Catalunya - Gremi de Floristes de Catalunya<\/title>\n<meta name=\"description\" content=\"Gremi Floristes de Catalunya, ser soci del Gremi t\u00e9 avantatges directes t&#039;ajudem perqu\u00e8 nom\u00e9s hagis d&#039; ocupar-te de fer cr\u00e9ixer el teu negoci.\" \/>\n<meta name=\"robots\" content=\"index, follow, max-snippet:-1, max-image-preview:large, max-video-preview:-1\" \/>\n<link rel=\"canonical\" href=\"https:\/\/floristes.cat\/es\/\" \/>\n<meta property=\"og:locale\" content=\"es_ES\" \/>\n<meta property=\"og:type\" content=\"article\" \/>\n<meta property=\"og:title\" content=\"Gremi de Floristes de Catalunya - Gremi de Floristes de Catalunya\" \/>\n<meta property=\"og:description\" content=\"Gremi Floristes de Catalunya, ser soci del Gremi t\u00e9 avantatges directes t&#039;ajudem perqu\u00e8 nom\u00e9s hagis d&#039; ocupar-te de fer cr\u00e9ixer el teu negoci.\" \/>\n<meta property=\"og:url\" content=\"https:\/\/floristes.cat\/es\/\" \/>\n<meta property=\"og:site_name\" content=\"Gremi de Floristes de Catalunya\" \/>\n<meta property=\"article:publisher\" content=\"https:\/\/www.facebook.com\/gremifloristes\/\" \/>\n<meta property=\"article:modified_time\" content=\"2026-02-19T08:47:44+00:00\" \/>\n<meta property=\"og:image\" content=\"https:\/\/floristes.cat\/wp-content\/uploads\/2019\/09\/gremi_floristes_posicionar-1.png\" \/>\n<meta name=\"twitter:card\" content=\"summary_large_image\" \/>\n<meta name=\"twitter:site\" content=\"@GremiFloristesc\" \/>\n<meta name=\"twitter:label1\" content=\"Tiempo de lectura\" \/>\n\t<meta name=\"twitter:data1\" content=\"4 minutos\" \/>\n<script type=\"application\/ld+json\" class=\"yoast-schema-graph\">{\"@context\":\"https:\/\/schema.org\",\"@graph\":[{\"@type\":\"WebPage\",\"@id\":\"https:\/\/floristes.cat\/es\/\",\"url\":\"https:\/\/floristes.cat\/es\/\",\"name\":\"Gremi de Floristes de Catalunya - Gremi de Floristes de Catalunya\",\"isPartOf\":{\"@id\":\"https:\/\/floristes.cat\/#website\"},\"primaryImageOfPage\":{\"@id\":\"https:\/\/floristes.cat\/es\/#primaryimage\"},\"image\":{\"@id\":\"https:\/\/floristes.cat\/es\/#primaryimage\"},\"thumbnailUrl\":\"https:\/\/floristes.cat\/wp-content\/uploads\/2019\/09\/gremi_floristes_posicionar-1.png\",\"datePublished\":\"2019-10-01T15:57:23+00:00\",\"dateModified\":\"2026-02-19T08:47:44+00:00\",\"description\":\"Gremi Floristes de Catalunya, ser soci del Gremi t\u00e9 avantatges directes t'ajudem perqu\u00e8 nom\u00e9s hagis d' ocupar-te de fer cr\u00e9ixer el teu negoci.\",\"breadcrumb\":{\"@id\":\"https:\/\/floristes.cat\/es\/#breadcrumb\"},\"inLanguage\":\"es\",\"potentialAction\":[{\"@type\":\"ReadAction\",\"target\":[\"https:\/\/floristes.cat\/es\/\"]}]},{\"@type\":\"ImageObject\",\"inLanguage\":\"es\",\"@id\":\"https:\/\/floristes.cat\/es\/#primaryimage\",\"url\":\"https:\/\/floristes.cat\/wp-content\/uploads\/2019\/09\/gremi_floristes_posicionar-1.png\",\"contentUrl\":\"https:\/\/floristes.cat\/wp-content\/uploads\/2019\/09\/gremi_floristes_posicionar-1.png\"},{\"@type\":\"BreadcrumbList\",\"@id\":\"https:\/\/floristes.cat\/es\/#breadcrumb\",\"itemListElement\":[{\"@type\":\"ListItem\",\"position\":1,\"name\":\"Inici\",\"item\":\"https:\/\/floristes.cat\/es\/\"},{\"@type\":\"ListItem\",\"position\":2,\"name\":\"Gremi de Floristes de Catalunya\"}]},{\"@type\":\"WebSite\",\"@id\":\"https:\/\/floristes.cat\/#website\",\"url\":\"https:\/\/floristes.cat\/\",\"name\":\"Gremi de Floristes de Catalunya\",\"description\":\"Empreses que treballen amb flors, plantes naturals i artificials, elements complementaris i afins.\",\"publisher\":{\"@id\":\"https:\/\/floristes.cat\/#organization\"},\"potentialAction\":[{\"@type\":\"SearchAction\",\"target\":{\"@type\":\"EntryPoint\",\"urlTemplate\":\"https:\/\/floristes.cat\/?s={search_term_string}\"},\"query-input\":{\"@type\":\"PropertyValueSpecification\",\"valueRequired\":true,\"valueName\":\"search_term_string\"}}],\"inLanguage\":\"es\"},{\"@type\":\"Organization\",\"@id\":\"https:\/\/floristes.cat\/#organization\",\"name\":\"Gremi de Floristes de Catalunya\",\"url\":\"https:\/\/floristes.cat\/\",\"logo\":{\"@type\":\"ImageObject\",\"inLanguage\":\"es\",\"@id\":\"https:\/\/floristes.cat\/#\/schema\/logo\/image\/\",\"url\":\"https:\/\/floristes.cat\/wp-content\/uploads\/2019\/10\/Logo_gremi_floristes_catalunya.png\",\"contentUrl\":\"https:\/\/floristes.cat\/wp-content\/uploads\/2019\/10\/Logo_gremi_floristes_catalunya.png\",\"width\":96,\"height\":199,\"caption\":\"Gremi de Floristes de Catalunya\"},\"image\":{\"@id\":\"https:\/\/floristes.cat\/#\/schema\/logo\/image\/\"},\"sameAs\":[\"https:\/\/www.facebook.com\/gremifloristes\/\",\"https:\/\/x.com\/GremiFloristesc\",\"https:\/\/instagram.com\/somfloristes?igshid=2kfzf7ep7g0q\"]}]}<\/script>\n<!-- \/ Yoast SEO plugin. -->","yoast_head_json":{"title":"Gremi de Floristes de Catalunya - Gremi de Floristes de Catalunya","description":"Gremi Floristes de Catalunya, ser soci del Gremi t\u00e9 avantatges directes t'ajudem perqu\u00e8 nom\u00e9s hagis d' ocupar-te de fer cr\u00e9ixer el teu negoci.","robots":{"index":"index","follow":"follow","max-snippet":"max-snippet:-1","max-image-preview":"max-image-preview:large","max-video-preview":"max-video-preview:-1"},"canonical":"https:\/\/floristes.cat\/es\/","og_locale":"es_ES","og_type":"article","og_title":"Gremi de Floristes de Catalunya - Gremi de Floristes de Catalunya","og_description":"Gremi Floristes de Catalunya, ser soci del Gremi t\u00e9 avantatges directes t'ajudem perqu\u00e8 nom\u00e9s hagis d' ocupar-te de fer cr\u00e9ixer el teu negoci.","og_url":"https:\/\/floristes.cat\/es\/","og_site_name":"Gremi de Floristes de Catalunya","article_publisher":"https:\/\/www.facebook.com\/gremifloristes\/","article_modified_time":"2026-02-19T08:47:44+00:00","og_image":[{"url":"https:\/\/floristes.cat\/wp-content\/uploads\/2019\/09\/gremi_floristes_posicionar-1.png","type":"","width":"","height":""}],"twitter_card":"summary_large_image","twitter_site":"@GremiFloristesc","twitter_misc":{"Tiempo de lectura":"4 minutos"},"schema":{"@context":"https:\/\/schema.org","@graph":[{"@type":"WebPage","@id":"https:\/\/floristes.cat\/es\/","url":"https:\/\/floristes.cat\/es\/","name":"Gremi de Floristes de Catalunya - Gremi de Floristes de Catalunya","isPartOf":{"@id":"https:\/\/floristes.cat\/#website"},"primaryImageOfPage":{"@id":"https:\/\/floristes.cat\/es\/#primaryimage"},"image":{"@id":"https:\/\/floristes.cat\/es\/#primaryimage"},"thumbnailUrl":"https:\/\/floristes.cat\/wp-content\/uploads\/2019\/09\/gremi_floristes_posicionar-1.png","datePublished":"2019-10-01T15:57:23+00:00","dateModified":"2026-02-19T08:47:44+00:00","description":"Gremi Floristes de Catalunya, ser soci del Gremi t\u00e9 avantatges directes t'ajudem perqu\u00e8 nom\u00e9s hagis d' ocupar-te de fer cr\u00e9ixer el teu negoci.","breadcrumb":{"@id":"https:\/\/floristes.cat\/es\/#breadcrumb"},"inLanguage":"es","potentialAction":[{"@type":"ReadAction","target":["https:\/\/floristes.cat\/es\/"]}]},{"@type":"ImageObject","inLanguage":"es","@id":"https:\/\/floristes.cat\/es\/#primaryimage","url":"https:\/\/floristes.cat\/wp-content\/uploads\/2019\/09\/gremi_floristes_posicionar-1.png","contentUrl":"https:\/\/floristes.cat\/wp-content\/uploads\/2019\/09\/gremi_floristes_posicionar-1.png"},{"@type":"BreadcrumbList","@id":"https:\/\/floristes.cat\/es\/#breadcrumb","itemListElement":[{"@type":"ListItem","position":1,"name":"Inici","item":"https:\/\/floristes.cat\/es\/"},{"@type":"ListItem","position":2,"name":"Gremi de Floristes de Catalunya"}]},{"@type":"WebSite","@id":"https:\/\/floristes.cat\/#website","url":"https:\/\/floristes.cat\/","name":"Gremi de Floristes de Catalunya","description":"Empreses que treballen amb flors, plantes naturals i artificials, elements complementaris i afins.","publisher":{"@id":"https:\/\/floristes.cat\/#organization"},"potentialAction":[{"@type":"SearchAction","target":{"@type":"EntryPoint","urlTemplate":"https:\/\/floristes.cat\/?s={search_term_string}"},"query-input":{"@type":"PropertyValueSpecification","valueRequired":true,"valueName":"search_term_string"}}],"inLanguage":"es"},{"@type":"Organization","@id":"https:\/\/floristes.cat\/#organization","name":"Gremi de Floristes de Catalunya","url":"https:\/\/floristes.cat\/","logo":{"@type":"ImageObject","inLanguage":"es","@id":"https:\/\/floristes.cat\/#\/schema\/logo\/image\/","url":"https:\/\/floristes.cat\/wp-content\/uploads\/2019\/10\/Logo_gremi_floristes_catalunya.png","contentUrl":"https:\/\/floristes.cat\/wp-content\/uploads\/2019\/10\/Logo_gremi_floristes_catalunya.png","width":96,"height":199,"caption":"Gremi de Floristes de Catalunya"},"image":{"@id":"https:\/\/floristes.cat\/#\/schema\/logo\/image\/"},"sameAs":["https:\/\/www.facebook.com\/gremifloristes\/","https:\/\/x.com\/GremiFloristesc","https:\/\/instagram.com\/somfloristes?igshid=2kfzf7ep7g0q"]}]}},"taxonomy_info":[],"featured_image_src_large":false,"author_info":{"display_name":"ideamatic","author_link":"https:\/\/floristes.cat\/es\/author\/ideamatic\/"},"comment_info":0,"featured_image_src":null,"featured_image_src_square":null,"_links":{"self":[{"href":"https:\/\/floristes.cat\/es\/wp-json\/wp\/v2\/pages\/293","targetHints":{"allow":["GET"]}}],"collection":[{"href":"https:\/\/floristes.cat\/es\/wp-json\/wp\/v2\/pages"}],"about":[{"href":"https:\/\/floristes.cat\/es\/wp-json\/wp\/v2\/types\/page"}],"author":[{"embeddable":true,"href":"https:\/\/floristes.cat\/es\/wp-json\/wp\/v2\/users\/1"}],"replies":[{"embeddable":true,"href":"https:\/\/floristes.cat\/es\/wp-json\/wp\/v2\/comments?post=293"}],"version-history":[{"count":55,"href":"https:\/\/floristes.cat\/es\/wp-json\/wp\/v2\/pages\/293\/revisions"}],"predecessor-version":[{"id":8094,"href":"https:\/\/floristes.cat\/es\/wp-json\/wp\/v2\/pages\/293\/revisions\/8094"}],"wp:attachment":[{"href":"https:\/\/floristes.cat\/es\/wp-json\/wp\/v2\/media?parent=293"}],"curies":[{"name":"wp","href":"https:\/\/api.w.org\/{rel}","templated":true}]}}